{"id":110342,"date":"2025-04-29T17:47:56","date_gmt":"2025-04-29T15:47:56","guid":{"rendered":"https:\/\/cfpmaresme.org\/?page_id=110342"},"modified":"2025-04-29T17:47:56","modified_gmt":"2025-04-29T15:47:56","slug":"candidatura-espontania","status":"publish","type":"page","link":"https:\/\/cfpmaresme.org\/es\/candidatura-espontania\/","title":{"rendered":"Candidatura espont\u00e0nia"},"content":{"rendered":"<div class=\"wpb-content-wrapper\"><p>[vc_row css_animation=\u00bb\u00bb row_type=\u00bbrow\u00bb use_row_as_full_screen_section=\u00bbno\u00bb type=\u00bbfull_width\u00bb angled_section=\u00bbno\u00bb text_align=\u00bbleft\u00bb background_image_as_pattern=\u00bbwithout_pattern\u00bb][vc_column width=\u00bb1\/2&#8243;][vc_column_text css=\u00bb\u00bb]T&#8217;agradaria ser professional del Centre de Formaci\u00f3 i Prevenci\u00f3?<\/p>\n<p>Envia&#8217;ns el teu curr\u00edculum a trav\u00e9s del formulari d&#8217;aquesta p\u00e0gina i el tindrem en compte si encaixes en alguna de les oportunitats laborals que sorgeixin en un futur.[\/vc_column_text][\/vc_column][vc_column width=\u00bb1\/2&#8243;]\n<div class=\"wpcf7 no-js\" id=\"wpcf7-f71046-o1\" lang=\"ca\" dir=\"ltr\" data-wpcf7-id=\"71046\">\n<div class=\"screen-reader-response\"><p role=\"status\" aria-live=\"polite\" aria-atomic=\"true\"><\/p> <ul><\/ul><\/div>\n<form action=\"\/es\/wp-json\/wp\/v2\/pages\/110342#wpcf7-f71046-o1\" method=\"post\" class=\"wpcf7-form init default wpcf7-acceptance-as-validation\" aria-label=\"Formulari de contacte\" enctype=\"multipart\/form-data\" novalidate=\"novalidate\" data-status=\"init\">\n<fieldset class=\"hidden-fields-container\"><input type=\"hidden\" name=\"_wpcf7\" value=\"71046\" \/><input type=\"hidden\" name=\"_wpcf7_version\" value=\"6.1.5\" \/><input type=\"hidden\" name=\"_wpcf7_locale\" value=\"ca\" \/><input type=\"hidden\" name=\"_wpcf7_unit_tag\" value=\"wpcf7-f71046-o1\" \/><input type=\"hidden\" name=\"_wpcf7_container_post\" value=\"0\" \/><input type=\"hidden\" name=\"_wpcf7_posted_data_hash\" value=\"\" \/><input type=\"hidden\" name=\"_wpcf7dtx_version\" value=\"5.0.5\" \/><input type=\"hidden\" name=\"_wpcf7_recaptcha_response\" value=\"\" \/>\n<\/fieldset>\n<div style=\"width:90%;\">\n\t<h3 style=\"text-align: left;\">A trav\u00e9s del seg\u00fcent formulari podr\u00e0s fer-nos arribar el teu Curr\u00edculum.\n\t<\/h3>\n\t<p><label> Oferta<br \/>\n<span class=\"wpcf7-form-control-wrap dynamicname\" data-name=\"dynamicname\"><input type=\"text\" name=\"dynamicname\" class=\"wpcf7-form-control wpcf7-text wpcf7dtx wpcf7dtx-text\" aria-invalid=\"false\" value=\"Candidatura espont\u00e0nia\"><\/span> <\/label>\n\t<\/p>\n\t<p><label> Nom <span style=\"color:red\">*<\/span><br \/>\n<span class=\"wpcf7-form-control-wrap\" data-name=\"your-name\"><input size=\"40\" maxlength=\"400\" class=\"wpcf7-form-control wpcf7-text wpcf7-validates-as-required\" aria-required=\"true\" aria-invalid=\"false\" value=\"\" type=\"text\" name=\"your-name\" \/><\/span> <\/label>\n\t<\/p>\n\t<p><label>Correu electr\u00f2nic <span style=\"color:red\">*<\/span><br \/>\n<span class=\"wpcf7-form-control-wrap\" data-name=\"your-email\"><input size=\"40\" maxlength=\"400\" class=\"wpcf7-form-control wpcf7-email wpcf7-validates-as-required wpcf7-text wpcf7-validates-as-email\" aria-required=\"true\" aria-invalid=\"false\" value=\"\" type=\"email\" name=\"your-email\" \/><\/span> <\/label>\n\t<\/p>\n\t<p><label>Missatge<br \/>\n<span class=\"wpcf7-form-control-wrap\" data-name=\"your-message\"><textarea cols=\"40\" rows=\"10\" maxlength=\"2000\" class=\"wpcf7-form-control wpcf7-textarea\" aria-invalid=\"false\" name=\"your-message\"><\/textarea><\/span> <\/label>\n\t<\/p>\n\t<p><label>Adjunta el CV<br \/>\n<span class=\"wpcf7-form-control-wrap\" data-name=\"curriculum\"><input size=\"40\" class=\"wpcf7-form-control wpcf7-file\" accept=\".pdf,.doc\" aria-invalid=\"false\" type=\"file\" name=\"curriculum\" \/><\/span><\/label>\n\t<\/p>\n\t<p><label>Carta de presentaci\u00f3<br \/>\n<span class=\"wpcf7-form-control-wrap\" data-name=\"cartap\"><input size=\"40\" class=\"wpcf7-form-control wpcf7-file\" accept=\".pdf,.doc\" aria-invalid=\"false\" type=\"file\" name=\"cartap\" \/><\/span> <\/label>\n\t<\/p>\n\t<p><span class=\"wpcf7-form-control-wrap\" data-name=\"acceptacio-politica-privacitat\"><span class=\"wpcf7-form-control wpcf7-acceptance\"><span class=\"wpcf7-list-item\"><label><input type=\"checkbox\" name=\"acceptacio-politica-privacitat\" value=\"1\" aria-invalid=\"false\" \/><span class=\"wpcf7-list-item-label\">He llegit i accepto la <a href=\"\/politica-de-privacitat\">Pol\u00edtica de Privacitat<\/a><\/span><\/label><\/span><\/span><\/span>\n\t<\/p>\n\t<p><span class=\"wpcf7-form-control-wrap\" data-name=\"tractamentdades\"><span class=\"wpcf7-form-control wpcf7-acceptance\"><span class=\"wpcf7-list-item\"><label><input type=\"checkbox\" name=\"tractamentdades\" value=\"1\" aria-invalid=\"false\" \/><span class=\"wpcf7-list-item-label\"><a href=\"\/wp-content\/uploads\/2026\/04\/Annex-33-Model-de-resposta-recepcio-CV.docx\" target=\"_blank\">Tractament de dades<\/a><\/span><\/label><\/span><\/span><\/span>\n\t<\/p>\n\t<p><input class=\"wpcf7-form-control wpcf7-submit has-spinner\" type=\"submit\" value=\"Enviar\" \/>\n\t<\/p>\n\t<table border=\"1\" cellspacing=\"0\" cellpadding=\"0\" width=\"100%\">\n\t\t<tbody>\n\t\t\t<tr>\n\t\t\t\t<td  colspan=\"2\">\n\t\t\t\t\t<p><br \/>\n<strong><br \/>\nInformaci\u00f3 b\u00e0sica sobre Protecci\u00f3 de Dades de Car\u00e0cter<br \/>\nPersonal del lloc web www.cfpmaresme.org<br \/>\n<\/strong><br \/>\n<strong><\/strong>\n\t\t\t\t\t<\/p>\n\t\t\t\t<\/td>\n\t\t\t<\/tr>\n\t\t\t<tr>\n\t\t\t\t<td >\n\t\t\t\t\t<p><br \/>\n<strong>Responsable de Protecci\u00f3 de Dades<\/strong>\n\t\t\t\t\t<\/p>\n\t\t\t\t<\/td>\n\t\t\t\t<td >\n\t\t\t\t\t<p><br \/>\nFundaci\u00f3 Centre de Formaci\u00f3 i Prevenci\u00f3\n\t\t\t\t\t<\/p>\n\t\t\t\t\t<p><br \/>\nCIF: G-08668733\n\t\t\t\t\t<\/p>\n\t\t\t\t<\/td>\n\t\t\t<\/tr>\n\t\t\t<tr>\n\t\t\t\t<td >\n\t\t\t\t\t<p><br \/>\n<strong>Finalitat del tractament de les dades<\/strong>\n\t\t\t\t\t<\/p>\n\t\t\t\t<\/td>\n\t\t\t\t<td>\n\t\t\t\t\t<p><br \/>\nExclusivament per a finalitats informatives i divulgatives de la Fundaci\u00f3.\n\t\t\t\t\t<\/p>\n\t\t\t\t<\/td>\n\t\t\t<\/tr>\n\t\t\t<tr>\n\t\t\t\t<td >\n\t\t\t\t\t<p><br \/>\n<strong>Legitimaci\u00f3 de l\u2019acc\u00e9s a les dades<\/strong>\n\t\t\t\t\t<\/p>\n\t\t\t\t<\/td>\n\t\t\t\t<td>\n\t\t\t\t\t<p><br \/>\nConsentiment expl\u00edcit de la persona interessada.\n\t\t\t\t\t<\/p>\n\t\t\t\t<\/td>\n\t\t\t<\/tr>\n\t\t\t<tr>\n\t\t\t\t<td \">\n\t\t\t\t\t<p><br \/>\n<strong>Destinataris de les dades<\/strong>\n\t\t\t\t\t<\/p>\n\t\t\t\t<\/td>\n\t\t\t\t<td >\n\t\t\t\t\t<p><br \/>\nLes dades nom\u00e9s seran utilitzades en el s\u00ed de la Fundaci\u00f3, sense possibilitat de cessi\u00f3 a tercers.\n\t\t\t\t\t<\/p>\n\t\t\t\t<\/td>\n\t\t\t<\/tr>\n\t\t\t<tr>\n\t\t\t\t<td >\n\t\t\t\t\t<p><br \/>\n<strong>Drets dels interessats<\/strong>\n\t\t\t\t\t<\/p>\n\t\t\t\t<\/td>\n\t\t\t\t<td >\n\t\t\t\t\t<p><br \/>\nPot exercir el dret d'acc\u00e9s, rectificaci\u00f3, cancel\u00b7laci\u00f3, portabilitat, limitaci\u00f3 del tractament, oposici\u00f3 o supressi\u00f3, dirigint-se a dpd@cfpmaresme.org<br \/>\nAix\u00ed mateix, en cas de considerar vulnerat el seu dret a la protecci\u00f3 de dades personals, podr\u00e0 interposar una reclamaci\u00f3 davant l'autoritat de control<br \/>\nAPDCAT.\n\t\t\t\t\t<\/p>\n\t\t\t\t<\/td>\n\t\t\t<\/tr>\n\t\t<\/tbody>\n\t<\/table>\n<\/div><input type='hidden' class='wpcf7-pum' value='{\"closepopup\":false,\"closedelay\":0,\"openpopup\":false,\"openpopup_id\":0}' \/><div class=\"wpcf7-response-output\" aria-hidden=\"true\"><\/div>\n<\/form>\n<\/div>\n[\/vc_column][\/vc_row]<\/p>\n<\/div>","protected":false},"excerpt":{"rendered":"<p>[vc_row css_animation=\u00bb\u00bb row_type=\u00bbrow\u00bb use_row_as_full_screen_section=\u00bbno\u00bb type=\u00bbfull_width\u00bb angled_section=\u00bbno\u00bb text_align=\u00bbleft\u00bb background_image_as_pattern=\u00bbwithout_pattern\u00bb][vc_column width=\u00bb1\/2&#8243;][vc_column_text css=\u00bb\u00bb]T&#8217;agradaria ser professional del Centre de Formaci\u00f3 i Prevenci\u00f3? Envia&#8217;ns el teu curr\u00edculum a trav\u00e9s del formulari d&#8217;aquesta p\u00e0gina i el tindrem en compte si encaixes en alguna de les oportunitats laborals que sorgeixin en un&#8230;<\/p>\n","protected":false},"author":2,"featured_media":0,"parent":0,"menu_order":0,"comment_status":"closed","ping_status":"closed","template":"","meta":{"footnotes":""},"class_list":["post-110342","page","type-page","status-publish","hentry"],"yoast_head":"<!-- This site is optimized with the Yoast SEO plugin v27.4 - https:\/\/yoast.com\/product\/yoast-seo-wordpress\/ -->\n<title>Candidatura espont\u00e0nia | CFP Maresme<\/title>\n<meta name=\"robots\" content=\"index, follow, max-snippet:-1, max-image-preview:large, max-video-preview:-1\" \/>\n<link rel=\"canonical\" href=\"https:\/\/cfpmaresme.org\/es\/candidatura-espontania\/\" \/>\n<meta property=\"og:locale\" content=\"es_ES\" \/>\n<meta property=\"og:type\" content=\"article\" \/>\n<meta property=\"og:title\" content=\"Candidatura espont\u00e0nia | CFP Maresme\" \/>\n<meta property=\"og:description\" content=\"[vc_row css_animation=\u00bb\u00bb row_type=\u00bbrow\u00bb use_row_as_full_screen_section=\u00bbno\u00bb type=\u00bbfull_width\u00bb angled_section=\u00bbno\u00bb text_align=\u00bbleft\u00bb background_image_as_pattern=\u00bbwithout_pattern\u00bb][vc_column width=\u00bb1\/2&#8243;][vc_column_text css=\u00bb\u00bb]T&#8217;agradaria ser professional del Centre de Formaci\u00f3 i Prevenci\u00f3? Envia&#8217;ns el teu curr\u00edculum a trav\u00e9s del formulari d&#8217;aquesta p\u00e0gina i el tindrem en compte si encaixes en alguna de les oportunitats laborals que sorgeixin en un...\" \/>\n<meta property=\"og:url\" content=\"https:\/\/cfpmaresme.org\/es\/candidatura-espontania\/\" \/>\n<meta property=\"og:site_name\" content=\"CFP Maresme\" \/>\n<meta name=\"twitter:card\" content=\"summary_large_image\" \/>\n<meta name=\"twitter:site\" content=\"@cfpmaresme\" \/>\n<meta name=\"twitter:label1\" content=\"Tiempo de lectura\" \/>\n\t<meta name=\"twitter:data1\" content=\"1 minuto\" \/>\n<script type=\"application\/ld+json\" class=\"yoast-schema-graph\">{\"@context\":\"https:\\\/\\\/schema.org\",\"@graph\":[{\"@type\":\"WebPage\",\"@id\":\"https:\\\/\\\/cfpmaresme.org\\\/es\\\/candidatura-espontania\\\/\",\"url\":\"https:\\\/\\\/cfpmaresme.org\\\/es\\\/candidatura-espontania\\\/\",\"name\":\"Candidatura espont\u00e0nia | CFP Maresme\",\"isPartOf\":{\"@id\":\"https:\\\/\\\/cfpmaresme.org\\\/#website\"},\"datePublished\":\"2025-04-29T15:47:56+00:00\",\"breadcrumb\":{\"@id\":\"https:\\\/\\\/cfpmaresme.org\\\/es\\\/candidatura-espontania\\\/#breadcrumb\"},\"inLanguage\":\"es\",\"potentialAction\":[{\"@type\":\"ReadAction\",\"target\":[\"https:\\\/\\\/cfpmaresme.org\\\/es\\\/candidatura-espontania\\\/\"]}]},{\"@type\":\"BreadcrumbList\",\"@id\":\"https:\\\/\\\/cfpmaresme.org\\\/es\\\/candidatura-espontania\\\/#breadcrumb\",\"itemListElement\":[{\"@type\":\"ListItem\",\"position\":1,\"name\":\"Home\",\"item\":\"https:\\\/\\\/cfpmaresme.org\\\/es\\\/\"},{\"@type\":\"ListItem\",\"position\":2,\"name\":\"Candidatura espont\u00e0nia\"}]},{\"@type\":\"WebSite\",\"@id\":\"https:\\\/\\\/cfpmaresme.org\\\/#website\",\"url\":\"https:\\\/\\\/cfpmaresme.org\\\/\",\"name\":\"CFP Maresme\",\"description\":\"Centre Formaci\u00f3 Prevenci\u00f3\",\"potentialAction\":[{\"@type\":\"SearchAction\",\"target\":{\"@type\":\"EntryPoint\",\"urlTemplate\":\"https:\\\/\\\/cfpmaresme.org\\\/?s={search_term_string}\"},\"query-input\":{\"@type\":\"PropertyValueSpecification\",\"valueRequired\":true,\"valueName\":\"search_term_string\"}}],\"inLanguage\":\"es\"}]}<\/script>\n<!-- \/ Yoast SEO plugin. -->","yoast_head_json":{"title":"Candidatura espont\u00e0nia | CFP Maresme","robots":{"index":"index","follow":"follow","max-snippet":"max-snippet:-1","max-image-preview":"max-image-preview:large","max-video-preview":"max-video-preview:-1"},"canonical":"https:\/\/cfpmaresme.org\/es\/candidatura-espontania\/","og_locale":"es_ES","og_type":"article","og_title":"Candidatura espont\u00e0nia | CFP Maresme","og_description":"[vc_row css_animation=\u00bb\u00bb row_type=\u00bbrow\u00bb use_row_as_full_screen_section=\u00bbno\u00bb type=\u00bbfull_width\u00bb angled_section=\u00bbno\u00bb text_align=\u00bbleft\u00bb background_image_as_pattern=\u00bbwithout_pattern\u00bb][vc_column width=\u00bb1\/2&#8243;][vc_column_text css=\u00bb\u00bb]T&#8217;agradaria ser professional del Centre de Formaci\u00f3 i Prevenci\u00f3? Envia&#8217;ns el teu curr\u00edculum a trav\u00e9s del formulari d&#8217;aquesta p\u00e0gina i el tindrem en compte si encaixes en alguna de les oportunitats laborals que sorgeixin en un...","og_url":"https:\/\/cfpmaresme.org\/es\/candidatura-espontania\/","og_site_name":"CFP Maresme","twitter_card":"summary_large_image","twitter_site":"@cfpmaresme","twitter_misc":{"Tiempo de lectura":"1 minuto"},"schema":{"@context":"https:\/\/schema.org","@graph":[{"@type":"WebPage","@id":"https:\/\/cfpmaresme.org\/es\/candidatura-espontania\/","url":"https:\/\/cfpmaresme.org\/es\/candidatura-espontania\/","name":"Candidatura espont\u00e0nia | CFP Maresme","isPartOf":{"@id":"https:\/\/cfpmaresme.org\/#website"},"datePublished":"2025-04-29T15:47:56+00:00","breadcrumb":{"@id":"https:\/\/cfpmaresme.org\/es\/candidatura-espontania\/#breadcrumb"},"inLanguage":"es","potentialAction":[{"@type":"ReadAction","target":["https:\/\/cfpmaresme.org\/es\/candidatura-espontania\/"]}]},{"@type":"BreadcrumbList","@id":"https:\/\/cfpmaresme.org\/es\/candidatura-espontania\/#breadcrumb","itemListElement":[{"@type":"ListItem","position":1,"name":"Home","item":"https:\/\/cfpmaresme.org\/es\/"},{"@type":"ListItem","position":2,"name":"Candidatura espont\u00e0nia"}]},{"@type":"WebSite","@id":"https:\/\/cfpmaresme.org\/#website","url":"https:\/\/cfpmaresme.org\/","name":"CFP Maresme","description":"Centre Formaci\u00f3 Prevenci\u00f3","potentialAction":[{"@type":"SearchAction","target":{"@type":"EntryPoint","urlTemplate":"https:\/\/cfpmaresme.org\/?s={search_term_string}"},"query-input":{"@type":"PropertyValueSpecification","valueRequired":true,"valueName":"search_term_string"}}],"inLanguage":"es"}]}},"_links":{"self":[{"href":"https:\/\/cfpmaresme.org\/es\/wp-json\/wp\/v2\/pages\/110342","targetHints":{"allow":["GET"]}}],"collection":[{"href":"https:\/\/cfpmaresme.org\/es\/wp-json\/wp\/v2\/pages"}],"about":[{"href":"https:\/\/cfpmaresme.org\/es\/wp-json\/wp\/v2\/types\/page"}],"author":[{"embeddable":true,"href":"https:\/\/cfpmaresme.org\/es\/wp-json\/wp\/v2\/users\/2"}],"replies":[{"embeddable":true,"href":"https:\/\/cfpmaresme.org\/es\/wp-json\/wp\/v2\/comments?post=110342"}],"version-history":[{"count":1,"href":"https:\/\/cfpmaresme.org\/es\/wp-json\/wp\/v2\/pages\/110342\/revisions"}],"predecessor-version":[{"id":110343,"href":"https:\/\/cfpmaresme.org\/es\/wp-json\/wp\/v2\/pages\/110342\/revisions\/110343"}],"wp:attachment":[{"href":"https:\/\/cfpmaresme.org\/es\/wp-json\/wp\/v2\/media?parent=110342"}],"curies":[{"name":"wp","href":"https:\/\/api.w.org\/{rel}","templated":true}]}}