{"id":16544,"date":"2018-06-11T17:19:02","date_gmt":"2018-06-11T15:19:02","guid":{"rendered":"http:\/\/cfpmaresme.org\/agencia-de-collocacio\/"},"modified":"2020-03-19T15:21:17","modified_gmt":"2020-03-19T13:21:17","slug":"agencia-de-colocacion","status":"publish","type":"page","link":"https:\/\/cfpmaresme.org\/es\/agencia-de-colocacion\/","title":{"rendered":"Agencia de colocaci\u00f3n"},"content":{"rendered":"<div class=\"wpb-content-wrapper\"><p>[vc_row css_animation=\u00bb\u00bb row_type=\u00bbrow\u00bb use_row_as_full_screen_section=\u00bbno\u00bb type=\u00bbfull_width\u00bb angled_section=\u00bbno\u00bb text_align=\u00bbleft\u00bb background_image_as_pattern=\u00bbwithout_pattern\u00bb][vc_column]<blockquote class=' with_quote_icon' style=''><i class='fa fa-quote-right' style=''><\/i><h5 class='blockquote-text' style=''>Somos Agencia de Colocaci\u00f3n autorizada por el Servicio de Ocupaci\u00f3n de Catalu\u00f1a desde el a\u00f1o 2011 (n\u00ba0900000007)<\/h5><\/blockquote>[vc_empty_space][\/vc_column][\/vc_row][vc_row css_animation=\u00bb\u00bb row_type=\u00bbrow\u00bb use_row_as_full_screen_section=\u00bbno\u00bb type=\u00bbfull_width\u00bb angled_section=\u00bbno\u00bb text_align=\u00bbleft\u00bb background_image_as_pattern=\u00bbwithout_pattern\u00bb][vc_column width=\u00bb1\/2&#8243;][vc_column_text]<strong>La Agencia de Colocaci\u00f3n<\/strong> ofrece un servicio de intermediaci\u00f3n laboral dirigido por un lado a las personas en proceso de b\u00fasqueda de trabajo y por la otra, a las empresas que requieren trabajadores para ocupar sus ofertas de trabajo. Sus funciones son las de enlace entre ofertas de trabajo y demandas laborales y la orientaci\u00f3n a personas en situaci\u00f3n de desempleo.[\/vc_column_text][vc_empty_space height=\u00bb20px\u00bb][\/vc_column][vc_column width=\u00bb1\/2&#8243;][vc_single_image image=\u00bb15413&#8243; img_size=\u00bb420&#215;240&#8243; style=\u00bbvc_box_shadow\u00bb qode_css_animation=\u00bb\u00bb][vc_empty_space height=\u00bb20px\u00bb][\/vc_column][\/vc_row][vc_row css_animation=\u00bb\u00bb row_type=\u00bbrow\u00bb use_row_as_full_screen_section=\u00bbno\u00bb type=\u00bbfull_width\u00bb angled_section=\u00bbno\u00bb text_align=\u00bbleft\u00bb background_image_as_pattern=\u00bbwithout_pattern\u00bb][vc_column][vc_separator type=\u00bbnormal\u00bb color=\u00bbrgba(0,0,0,0.15)\u00bb][vc_empty_space height=\u00bb20px\u00bb][\/vc_column][\/vc_row][vc_row css_animation=\u00bb\u00bb row_type=\u00bbrow\u00bb use_row_as_full_screen_section=\u00bbno\u00bb type=\u00bbfull_width\u00bb angled_section=\u00bbno\u00bb text_align=\u00bbleft\u00bb background_image_as_pattern=\u00bbwithout_pattern\u00bb][vc_column][vc_column_text]<\/p>\n<h2>Servicios que ofrece la agencia<\/h2>\n<p>[\/vc_column_text][vc_column_text]Orientaci\u00f3n (an\u00e1lisis de competencias y diagn\u00f3stico de la empleabilidad).<\/p>\n<p>Dise\u00f1o y seguimiento de itinerarios de inserci\u00f3n laboral.<\/p>\n<p>Formaci\u00f3n Ocupacional.<\/p>\n<p>Bolsa de trabajo.<\/p>\n<p>Acompa\u00f1amiento a la inserci\u00f3n.<br \/>\n[\/vc_column_text][\/vc_column][\/vc_row][vc_row css_animation=\u00bb\u00bb row_type=\u00bbrow\u00bb use_row_as_full_screen_section=\u00bbno\u00bb type=\u00bbfull_width\u00bb angled_section=\u00bbno\u00bb text_align=\u00bbleft\u00bb background_image_as_pattern=\u00bbwithout_pattern\u00bb][vc_column][vc_empty_space height=\u00bb20px\u00bb][vc_separator type=\u00bbnormal\u00bb][vc_empty_space height=\u00bb20px\u00bb][vc_column_text]<\/p>\n<h2>Colectivos a los que se dirige<\/h2>\n<p>[\/vc_column_text][vc_column_text]Personas desempleadas e inscritas en el SOC (Servei d\u2019Ocupaci\u00f3 de Catalunya) como demandantes de empleo (DONO).<\/p>\n<p>Personas con enfermedad mental, desempleadas e inscritas en el SOC como demandantes de empleo (DONO).<\/p>\n<p>Personas con el Certificado de Discapacidad.<br \/>\n[\/vc_column_text][\/vc_column][\/vc_row][vc_row css_animation=\u00bb\u00bb row_type=\u00bbrow\u00bb use_row_as_full_screen_section=\u00bbno\u00bb type=\u00bbfull_width\u00bb angled_section=\u00bbno\u00bb text_align=\u00bbleft\u00bb background_image_as_pattern=\u00bbwithout_pattern\u00bb][vc_column][vc_empty_space height=\u00bb20px\u00bb][vc_separator type=\u00bbnormal\u00bb][vc_empty_space height=\u00bb20px\u00bb][vc_column_text]<\/p>\n<h2>Funciones de la agencia<\/h2>\n<p>[\/vc_column_text][vc_column_text]Enlace de ofertas de trabajo y demandas laborales.<\/p>\n<p>Orientaci\u00f3n e intermediaci\u00f3n laboral a personas en situaci\u00f3n de desempleo.[\/vc_column_text][\/vc_column][\/vc_row][vc_row css_animation=\u00bb\u00bb row_type=\u00bbrow\u00bb use_row_as_full_screen_section=\u00bbno\u00bb type=\u00bbfull_width\u00bb angled_section=\u00bbno\u00bb text_align=\u00bbleft\u00bb background_image_as_pattern=\u00bbwithout_pattern\u00bb][vc_column][vc_empty_space height=\u00bb20px\u00bb][vc_separator type=\u00bbnormal\u00bb][vc_empty_space height=\u00bb20px\u00bb][vc_column_text]<\/p>\n<h2>CONTACTO<\/h2>\n<p>[\/vc_column_text][vc_row_inner row_type=\u00bbrow\u00bb type=\u00bbfull_width\u00bb text_align=\u00bbleft\u00bb css_animation=\u00bb\u00bb][vc_column_inner width=\u00bb1\/2&#8243;][vc_empty_space height=\u00bb20px\u00bb][vc_column_text]<\/p>\n<h5><i class=\"fa fa-clock-o\" style=\"padding-right: 10px;\" aria-hidden=\"true\"><\/i><span style=\"font-weight: 400;\">Horario de atenci\u00f3n: de lunes a viernes de 8 a 15 horas<\/span><\/h5>\n<p>&nbsp;<\/p>\n<h5><i class=\"fa fa-map-marker\" style=\"padding-right: 10px;\" aria-hidden=\"true\"><\/i><span style=\"font-weight: 400;\">C\/ Sant Antoni 86, 1\u00ba planta, puerta 7. 08301 Matar\u00f3. <\/span><\/h5>\n<p>&nbsp;<\/p>\n<h5><i class=\"fa fa-phone\" style=\"padding-right: 10px;\" aria-hidden=\"true\"><\/i><span style=\"font-weight: 400;\">Tel. 622.89.68.82<\/span><\/h5>\n<h5><i class=\"fa fa-user\" style=\"padding-right: 10px;\" aria-hidden=\"true\"><\/i><span style=\"font-weight: 400;\"> Responsable: Dom\u00e8nec L\u00f3pez<\/span><\/h5>\n<p>[\/vc_column_text][vc_empty_space height=\u00bb20px\u00bb][\/vc_column_inner][vc_column_inner width=\u00bb1\/2&#8243;][vc_column_text]\u00bfNo encuentras lo que buscas o necesitas m\u00e1s informaci\u00f3n?[\/vc_column_text][vc_empty_space height=\u00bb20px\u00bb]\n\n\t<a href=\"#\" target=\"_self\" style=\"color: #ffffff;background-color: #114c86;font-size: 16px;text-transform: uppercase\" class=\"qode-btn qode-btn-medium qode-btn-solid qode-btn-custom-hover-bg qode-btn-custom-icon-bg-hover-color qode-btn-icon modal-insercio qode-btn-with-shadow qode-btn-icon-rotate qode-type1-gradient-left-to-right\" data-hover-bg-color=\"#1175a0\" >\n\t    <span class=\"qode-btn-text\">Contacta amb nosaltres!<\/span><span class=\"qode-button-v2-icon-holder\" style=\"border-color: #0070a0;background-color: #064b6d\" data-hover-icon-border-color=\"#008cb7\" data-hover-icon-bg-color=\"#008cb7\"><i class=\"qode_icon_font_awesome fa fa-envelope qode-button-v2-icon-holder-inner\" ><\/i><\/span>\t<\/a>\n\n[vc_empty_space height=\u00bb20px\u00bb][\/vc_column_inner][\/vc_row_inner][\/vc_column][\/vc_row][vc_row css_animation=\u00bb\u00bb row_type=\u00bbrow\u00bb use_row_as_full_screen_section=\u00bbno\u00bb type=\u00bbfull_width\u00bb angled_section=\u00bbno\u00bb text_align=\u00bbleft\u00bb background_image_as_pattern=\u00bbwithout_pattern\u00bb][vc_column][vc_empty_space height=\u00bb64px\u00bb][\/vc_column][\/vc_row]<\/p>\n<\/div>","protected":false},"excerpt":{"rendered":"<p>[vc_row css_animation=\u00bb\u00bb row_type=\u00bbrow\u00bb use_row_as_full_screen_section=\u00bbno\u00bb type=\u00bbfull_width\u00bb angled_section=\u00bbno\u00bb text_align=\u00bbleft\u00bb background_image_as_pattern=\u00bbwithout_pattern\u00bb][vc_column][vc_empty_space][\/vc_column][\/vc_row][vc_row css_animation=\u00bb\u00bb row_type=\u00bbrow\u00bb use_row_as_full_screen_section=\u00bbno\u00bb type=\u00bbfull_width\u00bb angled_section=\u00bbno\u00bb text_align=\u00bbleft\u00bb background_image_as_pattern=\u00bbwithout_pattern\u00bb][vc_column width=\u00bb1\/2&#8243;][vc_column_text]La Agencia de Colocaci\u00f3n ofrece un servicio de intermediaci\u00f3n laboral dirigido por un lado a las personas en proceso de b\u00fasqueda de trabajo y por la otra, a las empresas&#8230;<\/p>\n","protected":false},"author":1,"featured_media":0,"parent":0,"menu_order":0,"comment_status":"closed","ping_status":"closed","template":"","meta":{"footnotes":""},"class_list":["post-16544","page","type-page","status-publish","hentry"],"yoast_head":"<!-- This site is optimized with the Yoast SEO plugin v27.4 - https:\/\/yoast.com\/product\/yoast-seo-wordpress\/ -->\n<title>Agencia de colocaci\u00f3n | CFP Maresme<\/title>\n<meta name=\"robots\" content=\"index, follow, max-snippet:-1, max-image-preview:large, max-video-preview:-1\" \/>\n<link rel=\"canonical\" href=\"https:\/\/cfpmaresme.org\/agencia-de-collocacio\/\" \/>\n<meta property=\"og:locale\" content=\"es_ES\" \/>\n<meta property=\"og:type\" content=\"article\" \/>\n<meta property=\"og:title\" content=\"Agencia de colocaci\u00f3n | CFP Maresme\" \/>\n<meta property=\"og:description\" content=\"[vc_row css_animation=\u00bb\u00bb row_type=\u00bbrow\u00bb use_row_as_full_screen_section=\u00bbno\u00bb type=\u00bbfull_width\u00bb angled_section=\u00bbno\u00bb text_align=\u00bbleft\u00bb background_image_as_pattern=\u00bbwithout_pattern\u00bb][vc_column][vc_empty_space][\/vc_column][\/vc_row][vc_row css_animation=\u00bb\u00bb row_type=\u00bbrow\u00bb use_row_as_full_screen_section=\u00bbno\u00bb type=\u00bbfull_width\u00bb angled_section=\u00bbno\u00bb text_align=\u00bbleft\u00bb background_image_as_pattern=\u00bbwithout_pattern\u00bb][vc_column width=\u00bb1\/2&#8243;][vc_column_text]La Agencia de Colocaci\u00f3n ofrece un servicio de intermediaci\u00f3n laboral dirigido por un lado a las personas en proceso de b\u00fasqueda de trabajo y por la otra, a las empresas...\" \/>\n<meta property=\"og:url\" content=\"https:\/\/cfpmaresme.org\/agencia-de-collocacio\/\" \/>\n<meta property=\"og:site_name\" content=\"CFP Maresme\" \/>\n<meta property=\"article:modified_time\" content=\"2020-03-19T13:21:17+00:00\" \/>\n<meta name=\"twitter:card\" content=\"summary_large_image\" \/>\n<meta name=\"twitter:site\" content=\"@cfpmaresme\" \/>\n<meta name=\"twitter:label1\" content=\"Tiempo de lectura\" \/>\n\t<meta name=\"twitter:data1\" content=\"4 minutos\" \/>\n<script type=\"application\/ld+json\" class=\"yoast-schema-graph\">{\"@context\":\"https:\\\/\\\/schema.org\",\"@graph\":[{\"@type\":\"WebPage\",\"@id\":\"https:\\\/\\\/cfpmaresme.org\\\/agencia-de-collocacio\\\/\",\"url\":\"https:\\\/\\\/cfpmaresme.org\\\/agencia-de-collocacio\\\/\",\"name\":\"Agencia de colocaci\u00f3n | CFP Maresme\",\"isPartOf\":{\"@id\":\"https:\\\/\\\/cfpmaresme.org\\\/#website\"},\"datePublished\":\"2018-06-11T15:19:02+00:00\",\"dateModified\":\"2020-03-19T13:21:17+00:00\",\"breadcrumb\":{\"@id\":\"https:\\\/\\\/cfpmaresme.org\\\/agencia-de-collocacio\\\/#breadcrumb\"},\"inLanguage\":\"es\",\"potentialAction\":[{\"@type\":\"ReadAction\",\"target\":[\"https:\\\/\\\/cfpmaresme.org\\\/agencia-de-collocacio\\\/\"]}]},{\"@type\":\"BreadcrumbList\",\"@id\":\"https:\\\/\\\/cfpmaresme.org\\\/agencia-de-collocacio\\\/#breadcrumb\",\"itemListElement\":[{\"@type\":\"ListItem\",\"position\":1,\"name\":\"Home\",\"item\":\"https:\\\/\\\/cfpmaresme.org\\\/es\\\/\"},{\"@type\":\"ListItem\",\"position\":2,\"name\":\"Agencia de colocaci\u00f3n\"}]},{\"@type\":\"WebSite\",\"@id\":\"https:\\\/\\\/cfpmaresme.org\\\/#website\",\"url\":\"https:\\\/\\\/cfpmaresme.org\\\/\",\"name\":\"CFP Maresme\",\"description\":\"Centre Formaci\u00f3 Prevenci\u00f3\",\"potentialAction\":[{\"@type\":\"SearchAction\",\"target\":{\"@type\":\"EntryPoint\",\"urlTemplate\":\"https:\\\/\\\/cfpmaresme.org\\\/?s={search_term_string}\"},\"query-input\":{\"@type\":\"PropertyValueSpecification\",\"valueRequired\":true,\"valueName\":\"search_term_string\"}}],\"inLanguage\":\"es\"}]}<\/script>\n<!-- \/ Yoast SEO plugin. -->","yoast_head_json":{"title":"Agencia de colocaci\u00f3n | CFP Maresme","robots":{"index":"index","follow":"follow","max-snippet":"max-snippet:-1","max-image-preview":"max-image-preview:large","max-video-preview":"max-video-preview:-1"},"canonical":"https:\/\/cfpmaresme.org\/agencia-de-collocacio\/","og_locale":"es_ES","og_type":"article","og_title":"Agencia de colocaci\u00f3n | CFP Maresme","og_description":"[vc_row css_animation=\u00bb\u00bb row_type=\u00bbrow\u00bb use_row_as_full_screen_section=\u00bbno\u00bb type=\u00bbfull_width\u00bb angled_section=\u00bbno\u00bb text_align=\u00bbleft\u00bb background_image_as_pattern=\u00bbwithout_pattern\u00bb][vc_column][vc_empty_space][\/vc_column][\/vc_row][vc_row css_animation=\u00bb\u00bb row_type=\u00bbrow\u00bb use_row_as_full_screen_section=\u00bbno\u00bb type=\u00bbfull_width\u00bb angled_section=\u00bbno\u00bb text_align=\u00bbleft\u00bb background_image_as_pattern=\u00bbwithout_pattern\u00bb][vc_column width=\u00bb1\/2&#8243;][vc_column_text]La Agencia de Colocaci\u00f3n ofrece un servicio de intermediaci\u00f3n laboral dirigido por un lado a las personas en proceso de b\u00fasqueda de trabajo y por la otra, a las empresas...","og_url":"https:\/\/cfpmaresme.org\/agencia-de-collocacio\/","og_site_name":"CFP Maresme","article_modified_time":"2020-03-19T13:21:17+00:00","twitter_card":"summary_large_image","twitter_site":"@cfpmaresme","twitter_misc":{"Tiempo de lectura":"4 minutos"},"schema":{"@context":"https:\/\/schema.org","@graph":[{"@type":"WebPage","@id":"https:\/\/cfpmaresme.org\/agencia-de-collocacio\/","url":"https:\/\/cfpmaresme.org\/agencia-de-collocacio\/","name":"Agencia de colocaci\u00f3n | CFP Maresme","isPartOf":{"@id":"https:\/\/cfpmaresme.org\/#website"},"datePublished":"2018-06-11T15:19:02+00:00","dateModified":"2020-03-19T13:21:17+00:00","breadcrumb":{"@id":"https:\/\/cfpmaresme.org\/agencia-de-collocacio\/#breadcrumb"},"inLanguage":"es","potentialAction":[{"@type":"ReadAction","target":["https:\/\/cfpmaresme.org\/agencia-de-collocacio\/"]}]},{"@type":"BreadcrumbList","@id":"https:\/\/cfpmaresme.org\/agencia-de-collocacio\/#breadcrumb","itemListElement":[{"@type":"ListItem","position":1,"name":"Home","item":"https:\/\/cfpmaresme.org\/es\/"},{"@type":"ListItem","position":2,"name":"Agencia de colocaci\u00f3n"}]},{"@type":"WebSite","@id":"https:\/\/cfpmaresme.org\/#website","url":"https:\/\/cfpmaresme.org\/","name":"CFP Maresme","description":"Centre Formaci\u00f3 Prevenci\u00f3","potentialAction":[{"@type":"SearchAction","target":{"@type":"EntryPoint","urlTemplate":"https:\/\/cfpmaresme.org\/?s={search_term_string}"},"query-input":{"@type":"PropertyValueSpecification","valueRequired":true,"valueName":"search_term_string"}}],"inLanguage":"es"}]}},"_links":{"self":[{"href":"https:\/\/cfpmaresme.org\/es\/wp-json\/wp\/v2\/pages\/16544","targetHints":{"allow":["GET"]}}],"collection":[{"href":"https:\/\/cfpmaresme.org\/es\/wp-json\/wp\/v2\/pages"}],"about":[{"href":"https:\/\/cfpmaresme.org\/es\/wp-json\/wp\/v2\/types\/page"}],"author":[{"embeddable":true,"href":"https:\/\/cfpmaresme.org\/es\/wp-json\/wp\/v2\/users\/1"}],"replies":[{"embeddable":true,"href":"https:\/\/cfpmaresme.org\/es\/wp-json\/wp\/v2\/comments?post=16544"}],"version-history":[{"count":4,"href":"https:\/\/cfpmaresme.org\/es\/wp-json\/wp\/v2\/pages\/16544\/revisions"}],"predecessor-version":[{"id":19334,"href":"https:\/\/cfpmaresme.org\/es\/wp-json\/wp\/v2\/pages\/16544\/revisions\/19334"}],"wp:attachment":[{"href":"https:\/\/cfpmaresme.org\/es\/wp-json\/wp\/v2\/media?parent=16544"}],"curies":[{"name":"wp","href":"https:\/\/api.w.org\/{rel}","templated":true}]}}