{"id":16820,"date":"2014-03-26T12:05:37","date_gmt":"2014-03-26T12:05:37","guid":{"rendered":"http:\/\/cfpmaresme.org\/home-3\/"},"modified":"2026-02-03T14:20:40","modified_gmt":"2026-02-03T12:20:40","slug":"home-3","status":"publish","type":"page","link":"https:\/\/cfpmaresme.org\/es\/","title":{"rendered":"Inicio"},"content":{"rendered":"<div class=\"wpb-content-wrapper\"><p>[vc_row css_animation=\u00bb\u00bb row_type=\u00bbrow\u00bb use_row_as_full_screen_section=\u00bbno\u00bb type=\u00bbgrid\u00bb angled_section=\u00bbno\u00bb text_align=\u00bbleft\u00bb background_image_as_pattern=\u00bbwithout_pattern\u00bb padding_top=\u00bb64&#8243; z_index=\u00bb\u00bb][vc_column][vc_column_text]<\/p>\n<h2>EL CENTRE DE FORMACI\u00d3 I PREVENCI\u00d3 (CFP)<\/h2>\n<p>[\/vc_column_text][vc_separator type=\u00bbnormal\u00bb color=\u00bb#1b9b87&#8243; thickness=\u00bb1&#8243; up=\u00bb0&#8243; down=\u00bb0px\u00bb][\/vc_column][\/vc_row][vc_row css_animation=\u00bb\u00bb row_type=\u00bbrow\u00bb use_row_as_full_screen_section=\u00bbno\u00bb type=\u00bbgrid\u00bb angled_section=\u00bbno\u00bb text_align=\u00bbcenter\u00bb background_image_as_pattern=\u00bbwithout_pattern\u00bb padding_top=\u00bb80&#8243; padding_bottom=\u00bb70&#8243; z_index=\u00bb\u00bb css=\u00bb.vc_custom_1548333722426{padding-top: 84px !important;padding-bottom: 64px !important;}\u00bb][vc_column width=\u00bb1\/3&#8243;]<span data-type=\"normal\" data-hover-icon-color=\"#1b9b87\" class=\"qode_icon_shortcode  q_font_awsome_icon fa-lg pull-center \" style=\" \"><a  itemprop=\"url\" href=\"http:\/\/cfpmaresme.org\/es\/quienes-somos\/\" target=\"_self\"><i class=\"qodef-icon-dripicons dripicon dripicons-user qode_icon_element\" style=\"font-size: 100px;color: #46768c;\" ><\/i><\/a><\/span>[vc_column_text css=\u00bb.vc_custom_1733227826309{padding-top: 15px !important;}\u00bb]<\/p>\n<h3 style=\"text-align: center;\">Conoce la Fundaci\u00f3n<\/h3>\n<p>[\/vc_column_text][vc_empty_space][\/vc_column][vc_column width=\u00bb1\/3&#8243;]<span data-type=\"normal\" data-hover-icon-color=\"#1b9b87\" class=\"qode_icon_shortcode  q_font_awsome_icon fa-lg pull-center \" style=\" \"><a  itemprop=\"url\" href=\"http:\/\/cfpmaresme.org\/es\/transparencia\/\" target=\"_self\"><i class=\"qodef-icon-dripicons dripicon dripicons-document qode_icon_element\" style=\"font-size: 100px;color: #46768c;\" ><\/i><\/a><\/span>[vc_column_text css=\u00bb.vc_custom_1548332862478{padding-top: 15px !important;}\u00bb]<\/p>\n<h3 style=\"text-align: center;\">Consulta nuestros documentos<\/h3>\n<p>[\/vc_column_text][vc_empty_space][\/vc_column][vc_column width=\u00bb1\/3&#8243;]<span data-type=\"normal\" data-hover-icon-color=\"#1b9b87\" class=\"qode_icon_shortcode  q_font_awsome_icon fa-lg pull-center \" style=\" \"><a  itemprop=\"url\" href=\"http:\/\/cfpmaresme.org\/es\/contacto\/\" target=\"_self\"><i class=\"qodef-icon-dripicons dripicon dripicons-question qode_icon_element\" style=\"font-size: 100px;color: #46768c;\" ><\/i><\/a><\/span>[vc_column_text css=\u00bb.vc_custom_1548332915124{padding-top: 15px !important;}\u00bb]<\/p>\n<h3 style=\"text-align: center;\">Contacta con nosotros<\/h3>\n<p>[\/vc_column_text][vc_empty_space][\/vc_column][\/vc_row][vc_row css_animation=\u00bb\u00bb row_type=\u00bbrow\u00bb use_row_as_full_screen_section=\u00bbno\u00bb type=\u00bbgrid\u00bb angled_section=\u00bbno\u00bb text_align=\u00bbleft\u00bb background_image_as_pattern=\u00bbwithout_pattern\u00bb background_color=\u00bb#f9f9f9&#8243; padding_top=\u00bb65&#8243; padding_bottom=\u00bb25&#8243; z_index=\u00bb\u00bb el_class=\u00bbarees\u00bb css=\u00bb.vc_custom_1548321824330{background-color: #ffffff !important;}\u00bb][vc_column][vc_column_text css=\u00bb.vc_custom_1741876752674{padding-left: 0px !important;}\u00bb]<\/p>\n<h2 style=\"text-align: left;\">Servicios y programas del CFP<\/h2>\n<p>[\/vc_column_text][vc_separator type=\u00bbnormal\u00bb color=\u00bb#1b9b87&#8243; thickness=\u00bb1&#8243; up=\u00bb0&#8243; down=\u00bb0px\u00bb][vc_row_inner row_type=\u00bbrow\u00bb type=\u00bbfull_width\u00bb text_align=\u00bbleft\u00bb css_animation=\u00bb\u00bb border_color=\u00bb#ffffff\u00bb padding_top=\u00bb25&#8243; padding_bottom=\u00bb20&#8243;][vc_column_inner width=\u00bb1\/3&#8243;][vc_single_image image=\u00bb17099&#8243; img_size=\u00bbfull\u00bb onclick=\u00bbcustom_link\u00bb qode_css_animation=\u00bb\u00bb link=\u00bb\/es\/rehabilitacion-comunitaria\/\u00bb][vc_separator type=\u00bbnormal\u00bb color=\u00bb#46768c\u00bb thickness=\u00bb5&#8243; up=\u00bb0&#8243; down=\u00bb0&#8243;]<div class='service_table_holder'><ul class='service_table_inner'><li class='service_table_title_holder background_color_type' style=''><div class='service_table_title_inner'><div class='service_table_title_inner2'><h3 class='service_title' style=''>\u00c1REA SANITARIA<\/h3><\/div><\/div><\/li><li class='service_table_content' style=''><\/p>\n<ul>\n<li><a href=\"https:\/\/cfpmaresme.org\/es\/rehabilitacion-comunitaria\/\">Servicios de Rehabilitaci\u00f3n Comunitaria<\/a><\/li>\n<li><a href=\"https:\/\/cfpmaresme.org\/es\/hogares-asistidos\/\">Hogares asistidos<\/a><\/li>\n<li><a href=\"https:\/\/cfpmaresme.org\/es\/programa-apoyo-autonomia-hogar\/\">Apoyo a la Autonom\u00eda en el Propio Hogar<\/a><\/li>\n<li><a href=\"https:\/\/cfpmaresme.org\/es\/suport-cfp\/\">Soporte CFP<\/a><\/li>\n<\/ul>\n<p><\/li><\/ul><\/div>[vc_empty_space height=\u00bb20px\u00bb][\/vc_column_inner][vc_column_inner width=\u00bb1\/3&#8243;][vc_single_image image=\u00bb14877&#8243; img_size=\u00bbfull\u00bb onclick=\u00bbcustom_link\u00bb css=\u00bb\u00bb qode_css_animation=\u00bb\u00bb link=\u00bb\/es\/centro-residencial-accion-educativa\/\u00bb][vc_separator type=\u00bbnormal\u00bb color=\u00bbrgba(15,0,94,0.67)\u00bb thickness=\u00bb5&#8243; up=\u00bb0&#8243; down=\u00bb0&#8243;]<div class='service_table_holder'><ul class='service_table_inner'><li class='service_table_title_holder background_color_type' style=''><div class='service_table_title_inner'><div class='service_table_title_inner2'><h3 class='service_title' style=''>\u00c1REA INFANCIA, ADOLESCENCIA, PERSONAS MAYORES Y FAMILIA<\/h3><\/div><\/div><\/li><li class='service_table_content' style=''><\/p>\n<ul>\n<li><a href=\"https:\/\/cfpmaresme.org\/es\/centro-residencial-accion-educativa\/\">Centro Residencial de Acci\u00f3n Educativa<\/a><\/li>\n<li><a href=\"https:\/\/cfpmaresme.org\/es\/pisos-asistidos-jovenes-16-18\/\">Pisos Asistidos para J\u00f3venes Tutelados o Extutelados<\/a><\/li>\n<li><a href=\"https:\/\/cfpmaresme.org\/es\/programa-parentalidad-positiva\/\">Programa de Parentalidad Positiva<\/a><\/li>\n<li><a href=\"https:\/\/cfpmaresme.org\/es\/programa-caixa-proinfancia\/\">Programa Caixa Proinfancia<\/a><\/li>\n<li><a href=\"https:\/\/cfpmaresme.org\/es\/estoa\/\" target=\"_blank\" rel=\"noopener\">Estoa: soporte a la autonom\u00eda de j\u00f3venes con autismo y\/o discapacidad intelectual\u00a0<\/a><\/li>\n<li><a href=\"https:\/\/cfpmaresme.org\/es\/accio-comunitaria-per-persones-grans\/\" target=\"_blank\" rel=\"noopener\">Programa de Acci\u00f3n Comunitaria para Personas Mayores\u00a0<\/a><\/li>\n<\/ul>\n<p><\/li><\/ul><\/div>[vc_empty_space height=\u00bb20px\u00bb][\/vc_column_inner][vc_column_inner width=\u00bb1\/3&#8243;][vc_single_image image=\u00bb17101&#8243; img_size=\u00bbfull\u00bb onclick=\u00bbcustom_link\u00bb qode_css_animation=\u00bb\u00bb link=\u00bb\/es\/area-diurna\/\u00bb][vc_separator type=\u00bbnormal\u00bb color=\u00bb#1b9b87&#8243; thickness=\u00bb5&#8243; up=\u00bb0&#8243; down=\u00bb0&#8243;]<div class='service_table_holder'><ul class='service_table_inner'><li class='service_table_title_holder background_color_type' style=''><div class='service_table_title_inner'><div class='service_table_title_inner2'><h3 class='service_title' style=''>\u00c1REA SOCIOLABORAL<\/h3><\/div><\/div><\/li><li class='service_table_content' style=''><\/p>\n<ul>\n<li><a href=\"https:\/\/cfpmaresme.org\/es\/agencia-de-colocacion\/\">Servicios de Formaci\u00f3n e Intermediaci\u00f3n Laboral<\/a><\/li>\n<li><a href=\"https:\/\/cfpmaresme.org\/es\/servicio-prelaboral\/\">Servicio Prelaboral<\/a><\/li>\n<li><a href=\"https:\/\/cfpmaresme.org\/es\/club-social-la-sirga\/\" target=\"_blank\" rel=\"noopener\">Club Social La Sirga<\/a><\/li>\n<li><a href=\"https:\/\/cfpmaresme.org\/es\/area-diurna\/\">\u00c1rea Diurna\u00a0<\/a><\/li>\n<li><a href=\"https:\/\/cfpmaresme.org\/es\/servei-datencio-a-families-per-la-inclusio-i-la-rehabilitacio-safir\/\" target=\"_blank\" rel=\"noopener\">SAFIR<\/a><\/li>\n<\/ul>\n<p><\/li><\/ul><\/div>[vc_empty_space height=\u00bb20px\u00bb][\/vc_column_inner][\/vc_row_inner][\/vc_column][\/vc_row][vc_row css_animation=\u00bb\u00bb row_type=\u00bbrow\u00bb use_row_as_full_screen_section=\u00bbno\u00bb type=\u00bbfull_width\u00bb angled_section=\u00bbno\u00bb text_align=\u00bbleft\u00bb background_image_as_pattern=\u00bbwithout_pattern\u00bb background_color=\u00bb#f9f9f9&#8243; padding_top=\u00bb64&#8243; padding_bottom=\u00bb30&#8243; z_index=\u00bb\u00bb][vc_column][vc_row_inner row_type=\u00bbrow\u00bb type=\u00bbgrid\u00bb text_align=\u00bbleft\u00bb css_animation=\u00bb\u00bb][vc_column_inner][vc_column_text]<\/p>\n<h2 style=\"text-align: left;\">Actualidad<\/h2>\n<p>[\/vc_column_text][vc_separator type=\u00bbnormal\u00bb color=\u00bb#1b9b87&#8243; up=\u00bb0&#8243; down=\u00bb64px\u00bb][vc_empty_space]\n<div class='latest_post_holder boxes three_columns two_rows' >\n    <ul>\n    \n        <li class=\"clearfix\">\n            <div class=\"boxes_image\">\n                                <a itemprop=\"url\" href=\"https:\/\/cfpmaresme.org\/es\/%f0%9f%93%a2-%f0%9f%93%a2-inscriu-te-i-reservat-el-dia-acte-de-reconeixement-a-les-empreses\/\"><img loading=\"lazy\" decoding=\"async\" width=\"539\" height=\"303\" src=\"https:\/\/cfpmaresme.org\/wp-content\/uploads\/2026\/04\/Banner_Acte-reconeixement-a-empreses-539x303.png\" class=\"attachment-latest_post_boxes size-latest_post_boxes wp-post-image\" alt=\"\" \/><\/a>\n            <\/div>\n            <div class=\"latest_post\"  >\n                <div class=\"latest_post_text\">\n                    <div class=\"latest_post_inner\">\n                        <div class=\"latest_post_text_inner\">\n                            <h3 itemprop=\"name\" class=\"latest_post_title entry_title\"><a itemprop=\"url\" href=\"https:\/\/cfpmaresme.org\/es\/%f0%9f%93%a2-%f0%9f%93%a2-inscriu-te-i-reservat-el-dia-acte-de-reconeixement-a-les-empreses\/\">\ud83d\udce2 \u00a1INSCR\u00cdBETE Y RESERVA LA FECHA! Acto de RECONOCIMIENTO A LAS EMPRESAS<\/a><\/h3>\n                            \n                            <span class=\"post_infos\">\n                                                                    <span class=\"date_hour_holder\">\n                                        <span itemprop=\"dateCreated\" class=\"date entry_date updated\">28 abril, 2026 <meta itemprop=\"interactionCount\" content=\"UserComments: 0\"\/><\/span>\n                                    <\/span>\n                                                                                                \n                                \n                                                                    <span class=\"dots\"><i class=\"fa fa-square\"><\/i><\/span>\n                                    <div class=\"blog_share qode_share\"><div class=\"social_share_holder\"><a href=\"javascript:void(0)\" target=\"_self\"><span class=\"social_share_title\">Share<\/span><\/a><div class=\"social_share_dropdown\"><div class=\"inner_arrow\"><\/div><ul><li class=\"facebook_share\"><a href=\"javascript:void(0)\" onclick=\"window.open('https:\/\/www.facebook.com\/sharer.php?u=https:\/\/cfpmaresme.org\/es\/%f0%9f%93%a2-%f0%9f%93%a2-inscriu-te-i-reservat-el-dia-acte-de-reconeixement-a-les-empreses\/', 'sharer', 'toolbar=0,status=0,width=620,height=280');\"><i class=\"fa fa-facebook\"><\/i><\/a><\/li><li class=\"twitter_share\"><a href=\"#\" onclick=\"popUp=window.open('https:\/\/twitter.com\/intent\/tweet?text=https:\/\/cfpmaresme.org\/es\/%f0%9f%93%a2-%f0%9f%93%a2-inscriu-te-i-reservat-el-dia-acte-de-reconeixement-a-les-empreses\/', 'popupwindow', 'scrollbars=yes,width=800,height=400');popUp.focus();return false;\"><i class=\"fa fa-twitter\"><\/i><\/a><\/li><li class=\"google_share\"><a href=\"#\" onclick=\"popUp=window.open('https:\/\/plus.google.com\/share?url=https:\/\/cfpmaresme.org\/es\/%f0%9f%93%a2-%f0%9f%93%a2-inscriu-te-i-reservat-el-dia-acte-de-reconeixement-a-les-empreses\/', 'popupwindow', 'scrollbars=yes,width=800,height=400');popUp.focus();return false\"><i class=\"fa fa-google-plus\"><\/i><\/a><\/li><\/ul><\/div><\/div><\/div>                                                            <\/span>\n                        <\/div>\n                    <\/div>\n                <\/div>\n            <\/div>\n        <\/li>\n    \n        <li class=\"clearfix\">\n            <div class=\"boxes_image\">\n                                <a itemprop=\"url\" href=\"https:\/\/cfpmaresme.org\/es\/haver-estat-en-un-centre-no-em-defineix-el-recorregut-den-jonathan-pels-serveis-del-cfp\/\"><img loading=\"lazy\" decoding=\"async\" width=\"539\" height=\"303\" src=\"https:\/\/cfpmaresme.org\/wp-content\/uploads\/2026\/04\/bANNERS-1-539x303.png\" class=\"attachment-latest_post_boxes size-latest_post_boxes wp-post-image\" alt=\"\" \/><\/a>\n            <\/div>\n            <div class=\"latest_post\"  >\n                <div class=\"latest_post_text\">\n                    <div class=\"latest_post_inner\">\n                        <div class=\"latest_post_text_inner\">\n                            <h3 itemprop=\"name\" class=\"latest_post_title entry_title\"><a itemprop=\"url\" href=\"https:\/\/cfpmaresme.org\/es\/haver-estat-en-un-centre-no-em-defineix-el-recorregut-den-jonathan-pels-serveis-del-cfp\/\">\u201cHaber estado en un centro no me define\u201d. El recorrido de Jonathan por los servicios del CFP<\/a><\/h3>\n                            \n                            <span class=\"post_infos\">\n                                                                    <span class=\"date_hour_holder\">\n                                        <span itemprop=\"dateCreated\" class=\"date entry_date updated\">27 abril, 2026 <meta itemprop=\"interactionCount\" content=\"UserComments: 0\"\/><\/span>\n                                    <\/span>\n                                                                                                \n                                \n                                                                    <span class=\"dots\"><i class=\"fa fa-square\"><\/i><\/span>\n                                    <div class=\"blog_share qode_share\"><div class=\"social_share_holder\"><a href=\"javascript:void(0)\" target=\"_self\"><span class=\"social_share_title\">Share<\/span><\/a><div class=\"social_share_dropdown\"><div class=\"inner_arrow\"><\/div><ul><li class=\"facebook_share\"><a href=\"javascript:void(0)\" onclick=\"window.open('https:\/\/www.facebook.com\/sharer.php?u=https:\/\/cfpmaresme.org\/es\/haver-estat-en-un-centre-no-em-defineix-el-recorregut-den-jonathan-pels-serveis-del-cfp\/', 'sharer', 'toolbar=0,status=0,width=620,height=280');\"><i class=\"fa fa-facebook\"><\/i><\/a><\/li><li class=\"twitter_share\"><a href=\"#\" onclick=\"popUp=window.open('https:\/\/twitter.com\/intent\/tweet?text=http:\/\/Jonathan%20tiene%2021%20a\u00f1os%20y,%20desde%20hace%20m\u00e1s%20de%2010%20a\u00f1os,%20lo%20acompa\u00f1amos%20desde%20distintos%20servicios%20del%20Centro%20de%20Formaci\u00f3n%20https:\/\/cfpmaresme.org\/es\/haver-estat-en-un-centre-no-em-defineix-el-recorregut-den-jonathan-pels-serveis-del-cfp\/', 'popupwindow', 'scrollbars=yes,width=800,height=400');popUp.focus();return false;\"><i class=\"fa fa-twitter\"><\/i><\/a><\/li><li class=\"google_share\"><a href=\"#\" onclick=\"popUp=window.open('https:\/\/plus.google.com\/share?url=https:\/\/cfpmaresme.org\/es\/haver-estat-en-un-centre-no-em-defineix-el-recorregut-den-jonathan-pels-serveis-del-cfp\/', 'popupwindow', 'scrollbars=yes,width=800,height=400');popUp.focus();return false\"><i class=\"fa fa-google-plus\"><\/i><\/a><\/li><\/ul><\/div><\/div><\/div>                                                            <\/span>\n                        <\/div>\n                    <\/div>\n                <\/div>\n            <\/div>\n        <\/li>\n    \n        <li class=\"clearfix\">\n            <div class=\"boxes_image\">\n                                <a itemprop=\"url\" href=\"https:\/\/cfpmaresme.org\/es\/nou-directori-de-serveis-de-salut-mental-a-mataro\/\"><img loading=\"lazy\" decoding=\"async\" width=\"539\" height=\"303\" src=\"https:\/\/cfpmaresme.org\/wp-content\/uploads\/2026\/04\/HEPp26ZXkAAijXL-539x303.jpg\" class=\"attachment-latest_post_boxes size-latest_post_boxes wp-post-image\" alt=\"\" \/><\/a>\n            <\/div>\n            <div class=\"latest_post\"  >\n                <div class=\"latest_post_text\">\n                    <div class=\"latest_post_inner\">\n                        <div class=\"latest_post_text_inner\">\n                            <h3 itemprop=\"name\" class=\"latest_post_title entry_title\"><a itemprop=\"url\" href=\"https:\/\/cfpmaresme.org\/es\/nou-directori-de-serveis-de-salut-mental-a-mataro\/\">Nuevo directorio de servicios de salud mental en Matar\u00f3<\/a><\/h3>\n                            \n                            <span class=\"post_infos\">\n                                                                    <span class=\"date_hour_holder\">\n                                        <span itemprop=\"dateCreated\" class=\"date entry_date updated\">01 abril, 2026 <meta itemprop=\"interactionCount\" content=\"UserComments: 0\"\/><\/span>\n                                    <\/span>\n                                                                                                \n                                \n                                                                    <span class=\"dots\"><i class=\"fa fa-square\"><\/i><\/span>\n                                    <div class=\"blog_share qode_share\"><div class=\"social_share_holder\"><a href=\"javascript:void(0)\" target=\"_self\"><span class=\"social_share_title\">Share<\/span><\/a><div class=\"social_share_dropdown\"><div class=\"inner_arrow\"><\/div><ul><li class=\"facebook_share\"><a href=\"javascript:void(0)\" onclick=\"window.open('https:\/\/www.facebook.com\/sharer.php?u=https:\/\/cfpmaresme.org\/es\/nou-directori-de-serveis-de-salut-mental-a-mataro\/', 'sharer', 'toolbar=0,status=0,width=620,height=280');\"><i class=\"fa fa-facebook\"><\/i><\/a><\/li><li class=\"twitter_share\"><a href=\"#\" onclick=\"popUp=window.open('https:\/\/twitter.com\/intent\/tweet?text=http:\/\/En%20el%20marco%20de%20la%20Mesa%20de%20Salud%20Mental%20de%20Matar\u00f3,%20de%20la%20cual%20el%20Centro%20de%20Formaci\u00f3n%20y%20Prevenci\u00f3n%20forma%20parte,%20se%20ha%20https:\/\/cfpmaresme.org\/es\/nou-directori-de-serveis-de-salut-mental-a-mataro\/', 'popupwindow', 'scrollbars=yes,width=800,height=400');popUp.focus();return false;\"><i class=\"fa fa-twitter\"><\/i><\/a><\/li><li class=\"google_share\"><a href=\"#\" onclick=\"popUp=window.open('https:\/\/plus.google.com\/share?url=https:\/\/cfpmaresme.org\/es\/nou-directori-de-serveis-de-salut-mental-a-mataro\/', 'popupwindow', 'scrollbars=yes,width=800,height=400');popUp.focus();return false\"><i class=\"fa fa-google-plus\"><\/i><\/a><\/li><\/ul><\/div><\/div><\/div>                                                            <\/span>\n                        <\/div>\n                    <\/div>\n                <\/div>\n            <\/div>\n        <\/li>\n    \n        <li class=\"clearfix\">\n            <div class=\"boxes_image\">\n                                <a itemprop=\"url\" href=\"https:\/\/cfpmaresme.org\/es\/formacio-en-realitat-immersiva-aplicada-a-lacompanyament-terapeutic\/\"><img loading=\"lazy\" decoding=\"async\" width=\"539\" height=\"303\" src=\"https:\/\/cfpmaresme.org\/wp-content\/uploads\/2026\/04\/7e18e5a9-c510-4cb7-8cae-0da0f2249671-539x303.jpg\" class=\"attachment-latest_post_boxes size-latest_post_boxes wp-post-image\" alt=\"\" \/><\/a>\n            <\/div>\n            <div class=\"latest_post\"  >\n                <div class=\"latest_post_text\">\n                    <div class=\"latest_post_inner\">\n                        <div class=\"latest_post_text_inner\">\n                            <h3 itemprop=\"name\" class=\"latest_post_title entry_title\"><a itemprop=\"url\" href=\"https:\/\/cfpmaresme.org\/es\/formacio-en-realitat-immersiva-aplicada-a-lacompanyament-terapeutic\/\">Formaci\u00f3n en realidad immersiva aplicada al acompa\u00f1amiento terap\u00e9utico<\/a><\/h3>\n                            \n                            <span class=\"post_infos\">\n                                                                    <span class=\"date_hour_holder\">\n                                        <span itemprop=\"dateCreated\" class=\"date entry_date updated\">28 marzo, 2026 <meta itemprop=\"interactionCount\" content=\"UserComments: 0\"\/><\/span>\n                                    <\/span>\n                                                                                                \n                                \n                                                                    <span class=\"dots\"><i class=\"fa fa-square\"><\/i><\/span>\n                                    <div class=\"blog_share qode_share\"><div class=\"social_share_holder\"><a href=\"javascript:void(0)\" target=\"_self\"><span class=\"social_share_title\">Share<\/span><\/a><div class=\"social_share_dropdown\"><div class=\"inner_arrow\"><\/div><ul><li class=\"facebook_share\"><a href=\"javascript:void(0)\" onclick=\"window.open('https:\/\/www.facebook.com\/sharer.php?u=https:\/\/cfpmaresme.org\/es\/formacio-en-realitat-immersiva-aplicada-a-lacompanyament-terapeutic\/', 'sharer', 'toolbar=0,status=0,width=620,height=280');\"><i class=\"fa fa-facebook\"><\/i><\/a><\/li><li class=\"twitter_share\"><a href=\"#\" onclick=\"popUp=window.open('https:\/\/twitter.com\/intent\/tweet?text=http:\/\/El%20viernes%20participamos%20en%20una%20formaci\u00f3n%20sobre%20MATIV%20(Metodolog\u00eda%20de%20Acompa\u00f1amiento%20Terap\u00e9utico%20Inmersivo%20y%20Virtual)%20https:\/\/cfpmaresme.org\/es\/formacio-en-realitat-immersiva-aplicada-a-lacompanyament-terapeutic\/', 'popupwindow', 'scrollbars=yes,width=800,height=400');popUp.focus();return false;\"><i class=\"fa fa-twitter\"><\/i><\/a><\/li><li class=\"google_share\"><a href=\"#\" onclick=\"popUp=window.open('https:\/\/plus.google.com\/share?url=https:\/\/cfpmaresme.org\/es\/formacio-en-realitat-immersiva-aplicada-a-lacompanyament-terapeutic\/', 'popupwindow', 'scrollbars=yes,width=800,height=400');popUp.focus();return false\"><i class=\"fa fa-google-plus\"><\/i><\/a><\/li><\/ul><\/div><\/div><\/div>                                                            <\/span>\n                        <\/div>\n                    <\/div>\n                <\/div>\n            <\/div>\n        <\/li>\n    \n        <li class=\"clearfix\">\n            <div class=\"boxes_image\">\n                                <a itemprop=\"url\" href=\"https:\/\/cfpmaresme.org\/es\/dones-que-creen-comunitat-projectes-artistics-impulsats-per-dones-en-el-marc-del-8m\/\"><img loading=\"lazy\" decoding=\"async\" width=\"539\" height=\"303\" src=\"https:\/\/cfpmaresme.org\/wp-content\/uploads\/2026\/03\/Quant-les-dones-creen-transformen-539x303.png\" class=\"attachment-latest_post_boxes size-latest_post_boxes wp-post-image\" alt=\"\" \/><\/a>\n            <\/div>\n            <div class=\"latest_post\"  >\n                <div class=\"latest_post_text\">\n                    <div class=\"latest_post_inner\">\n                        <div class=\"latest_post_text_inner\">\n                            <h3 itemprop=\"name\" class=\"latest_post_title entry_title\"><a itemprop=\"url\" href=\"https:\/\/cfpmaresme.org\/es\/dones-que-creen-comunitat-projectes-artistics-impulsats-per-dones-en-el-marc-del-8m\/\">Mujeres que crean comunidad: proyectos art\u00edsticos impulsados por mujeres en el marco del 8M<\/a><\/h3>\n                            \n                            <span class=\"post_infos\">\n                                                                    <span class=\"date_hour_holder\">\n                                        <span itemprop=\"dateCreated\" class=\"date entry_date updated\">11 marzo, 2026 <meta itemprop=\"interactionCount\" content=\"UserComments: 0\"\/><\/span>\n                                    <\/span>\n                                                                                                \n                                \n                                                                    <span class=\"dots\"><i class=\"fa fa-square\"><\/i><\/span>\n                                    <div class=\"blog_share qode_share\"><div class=\"social_share_holder\"><a href=\"javascript:void(0)\" target=\"_self\"><span class=\"social_share_title\">Share<\/span><\/a><div class=\"social_share_dropdown\"><div class=\"inner_arrow\"><\/div><ul><li class=\"facebook_share\"><a href=\"javascript:void(0)\" onclick=\"window.open('https:\/\/www.facebook.com\/sharer.php?u=https:\/\/cfpmaresme.org\/es\/dones-que-creen-comunitat-projectes-artistics-impulsats-per-dones-en-el-marc-del-8m\/', 'sharer', 'toolbar=0,status=0,width=620,height=280');\"><i class=\"fa fa-facebook\"><\/i><\/a><\/li><li class=\"twitter_share\"><a href=\"#\" onclick=\"popUp=window.open('https:\/\/twitter.com\/intent\/tweet?text=http:\/\/Nos%20visibilizamos%20durante%20el%20mes%20de%20marzo%20con%20proyectos%20de%20creaci\u00f3n%20art\u00edstica%20comunitaria%20impulsados%20por%20mujeres,%20https:\/\/cfpmaresme.org\/es\/dones-que-creen-comunitat-projectes-artistics-impulsats-per-dones-en-el-marc-del-8m\/', 'popupwindow', 'scrollbars=yes,width=800,height=400');popUp.focus();return false;\"><i class=\"fa fa-twitter\"><\/i><\/a><\/li><li class=\"google_share\"><a href=\"#\" onclick=\"popUp=window.open('https:\/\/plus.google.com\/share?url=https:\/\/cfpmaresme.org\/es\/dones-que-creen-comunitat-projectes-artistics-impulsats-per-dones-en-el-marc-del-8m\/', 'popupwindow', 'scrollbars=yes,width=800,height=400');popUp.focus();return false\"><i class=\"fa fa-google-plus\"><\/i><\/a><\/li><\/ul><\/div><\/div><\/div>                                                            <\/span>\n                        <\/div>\n                    <\/div>\n                <\/div>\n            <\/div>\n        <\/li>\n    \n        <li class=\"clearfix\">\n            <div class=\"boxes_image\">\n                                <a itemprop=\"url\" href=\"https:\/\/cfpmaresme.org\/es\/trobada-de-les-entitats-de-caixa-proinfancia-a-mataro-i-experiencia-amb-realitat-immersiva\/\"><img loading=\"lazy\" decoding=\"async\" width=\"539\" height=\"303\" src=\"https:\/\/cfpmaresme.org\/wp-content\/uploads\/2026\/03\/4bc5caab-2a64-40f2-b47a-27eba8d4c043-539x303.jpg\" class=\"attachment-latest_post_boxes size-latest_post_boxes wp-post-image\" alt=\"\" \/><\/a>\n            <\/div>\n            <div class=\"latest_post\"  >\n                <div class=\"latest_post_text\">\n                    <div class=\"latest_post_inner\">\n                        <div class=\"latest_post_text_inner\">\n                            <h3 itemprop=\"name\" class=\"latest_post_title entry_title\"><a itemprop=\"url\" href=\"https:\/\/cfpmaresme.org\/es\/trobada-de-les-entitats-de-caixa-proinfancia-a-mataro-i-experiencia-amb-realitat-immersiva\/\">Encuentro de las entidades de Caixa Proinfancia en Matar\u00f3 y experiencia con realidad inmersiva<\/a><\/h3>\n                            \n                            <span class=\"post_infos\">\n                                                                    <span class=\"date_hour_holder\">\n                                        <span itemprop=\"dateCreated\" class=\"date entry_date updated\">02 marzo, 2026 <meta itemprop=\"interactionCount\" content=\"UserComments: 0\"\/><\/span>\n                                    <\/span>\n                                                                                                \n                                \n                                                                    <span class=\"dots\"><i class=\"fa fa-square\"><\/i><\/span>\n                                    <div class=\"blog_share qode_share\"><div class=\"social_share_holder\"><a href=\"javascript:void(0)\" target=\"_self\"><span class=\"social_share_title\">Share<\/span><\/a><div class=\"social_share_dropdown\"><div class=\"inner_arrow\"><\/div><ul><li class=\"facebook_share\"><a href=\"javascript:void(0)\" onclick=\"window.open('https:\/\/www.facebook.com\/sharer.php?u=https:\/\/cfpmaresme.org\/es\/trobada-de-les-entitats-de-caixa-proinfancia-a-mataro-i-experiencia-amb-realitat-immersiva\/', 'sharer', 'toolbar=0,status=0,width=620,height=280');\"><i class=\"fa fa-facebook\"><\/i><\/a><\/li><li class=\"twitter_share\"><a href=\"#\" onclick=\"popUp=window.open('https:\/\/twitter.com\/intent\/tweet?text=http:\/\/Las%20entidades%20que%20formamos%20parte%20del%20programa%20Caixa%20Proinfancia%20en%20Matar\u00f3%20nos%20hemos%20reunido%20en%20un%20encuentro%20de%20https:\/\/cfpmaresme.org\/es\/trobada-de-les-entitats-de-caixa-proinfancia-a-mataro-i-experiencia-amb-realitat-immersiva\/', 'popupwindow', 'scrollbars=yes,width=800,height=400');popUp.focus();return false;\"><i class=\"fa fa-twitter\"><\/i><\/a><\/li><li class=\"google_share\"><a href=\"#\" onclick=\"popUp=window.open('https:\/\/plus.google.com\/share?url=https:\/\/cfpmaresme.org\/es\/trobada-de-les-entitats-de-caixa-proinfancia-a-mataro-i-experiencia-amb-realitat-immersiva\/', 'popupwindow', 'scrollbars=yes,width=800,height=400');popUp.focus();return false\"><i class=\"fa fa-google-plus\"><\/i><\/a><\/li><\/ul><\/div><\/div><\/div>                                                            <\/span>\n                        <\/div>\n                    <\/div>\n                <\/div>\n            <\/div>\n        <\/li>\n        <\/ul>\n<\/div>[\/vc_column_inner][\/vc_row_inner][\/vc_column][\/vc_row][vc_row css_animation=\u00bb\u00bb row_type=\u00bbrow\u00bb use_row_as_full_screen_section=\u00bbno\u00bb type=\u00bbgrid\u00bb angled_section=\u00bbno\u00bb text_align=\u00bbleft\u00bb background_image_as_pattern=\u00bbwithout_pattern\u00bb padding_top=\u00bb40&#8243; padding_bottom=\u00bb50&#8243; css=\u00bb.vc_custom_1548331564973{padding-top: 64px !important;padding-bottom: 64px !important;background-color: #ffffff !important;}\u00bb z_index=\u00bb\u00bb][vc_column][vc_column_text]<\/p>\n<h2>CON EL APOYO DE<\/h2>\n<p>[\/vc_column_text][vc_separator type=\u00bbnormal\u00bb color=\u00bb#1b9b87&#8243; thickness=\u00bb1&#8243; up=\u00bb0&#8243; down=\u00bb50px\u00bb][vc_empty_space]<div class='qode_carousels_holder clearfix'><div class='qode_carousels' data-number-of-visible-items='5'><ul class='slides'><li class='item'><div class=\"carousel_item_holder\"><span class='first_image_holder has_hover_image'><img decoding=\"async\" itemprop=\"image\" src=\"http:\/\/cfpmaresme.org\/wp-content\/uploads\/2018\/06\/ajuntament-mataro.png\" alt=\"carousel image\" \/><\/span><span class='second_image_holder has_hover_image'><img decoding=\"async\" itemprop=\"image\" src=\"http:\/\/cfpmaresme.org\/wp-content\/uploads\/2018\/06\/ajuntament-mataro_hover.png\" alt=\"carousel image\" \/><\/span><\/div><\/li><li class='item'><div class=\"carousel_item_holder\"><span class='first_image_holder has_hover_image'><img decoding=\"async\" itemprop=\"image\" src=\"http:\/\/cfpmaresme.org\/wp-content\/uploads\/2018\/06\/ajuntament-premia-mar.png\" alt=\"carousel image\" \/><\/span><span class='second_image_holder has_hover_image'><img decoding=\"async\" itemprop=\"image\" src=\"http:\/\/cfpmaresme.org\/wp-content\/uploads\/2018\/06\/ajuntament-premia-mar_hover.png\" alt=\"carousel image\" \/><\/span><\/div><\/li><li class='item'><div class=\"carousel_item_holder\"><span class='first_image_holder has_hover_image'><img decoding=\"async\" itemprop=\"image\" src=\"http:\/\/cfpmaresme.org\/wp-content\/uploads\/2018\/06\/catsalut.png\" alt=\"carousel image\" \/><\/span><span class='second_image_holder has_hover_image'><img decoding=\"async\" itemprop=\"image\" src=\"http:\/\/cfpmaresme.org\/wp-content\/uploads\/2018\/06\/catsalut_hover.png\" alt=\"carousel image\" \/><\/span><\/div><\/li><li class='item'><div class=\"carousel_item_holder\"><span class='first_image_holder has_hover_image'><img decoding=\"async\" itemprop=\"image\" src=\"http:\/\/cfpmaresme.org\/wp-content\/uploads\/2018\/06\/diputacio-barcelona.png\" alt=\"carousel image\" \/><\/span><span class='second_image_holder has_hover_image'><img decoding=\"async\" itemprop=\"image\" src=\"http:\/\/cfpmaresme.org\/wp-content\/uploads\/2018\/06\/diputacio-barcelona_hover.png\" alt=\"carousel image\" \/><\/span><\/div><\/li><li class='item'><div class=\"carousel_item_holder\"><span class='first_image_holder has_hover_image'><img decoding=\"async\" itemprop=\"image\" src=\"http:\/\/cfpmaresme.org\/wp-content\/uploads\/2018\/06\/fedaia.png\" alt=\"carousel image\" \/><\/span><span class='second_image_holder has_hover_image'><img decoding=\"async\" itemprop=\"image\" src=\"http:\/\/cfpmaresme.org\/wp-content\/uploads\/2018\/06\/fedaia_hover.png\" alt=\"carousel image\" \/><\/span><\/div><\/li><li class='item'><div class=\"carousel_item_holder\"><span class='first_image_holder has_hover_image'><img decoding=\"async\" itemprop=\"image\" src=\"http:\/\/cfpmaresme.org\/wp-content\/uploads\/2018\/06\/fons-social-europeu.png\" alt=\"carousel image\" \/><\/span><span class='second_image_holder has_hover_image'><img decoding=\"async\" itemprop=\"image\" src=\"http:\/\/cfpmaresme.org\/wp-content\/uploads\/2018\/06\/fons-social-europeu_hover.png\" alt=\"carousel image\" \/><\/span><\/div><\/li><li class='item'><div class=\"carousel_item_holder\"><span class='first_image_holder has_hover_image'><img decoding=\"async\" itemprop=\"image\" src=\"https:\/\/www.cfpmaresme.org\/wp-content\/uploads\/2021\/09\/forum-SM_-logo-blanc-i-negre_220-p\u00edxels-per-carrousel-web.jpg\" alt=\"carousel image\" \/><\/span><span class='second_image_holder has_hover_image'><img decoding=\"async\" itemprop=\"image\" src=\"https:\/\/www.cfpmaresme.org\/wp-content\/uploads\/2021\/09\/2021_fo\u0300rum-logo_Salud-mental-i-addiccions_vectoritzat-01_220-p\u00edxels-per-carrousel-web.jpg\" alt=\"carousel image\" \/><\/span><\/div><\/li><li class='item'><div class=\"carousel_item_holder\"><span class='first_image_holder has_hover_image'><img decoding=\"async\" itemprop=\"image\" src=\"http:\/\/cfpmaresme.org\/wp-content\/uploads\/2018\/06\/generalitat.png\" alt=\"carousel image\" \/><\/span><span class='second_image_holder has_hover_image'><img decoding=\"async\" itemprop=\"image\" src=\"http:\/\/cfpmaresme.org\/wp-content\/uploads\/2018\/06\/generalitat-hover.png\" alt=\"carousel image\" \/><\/span><\/div><\/li><li class='item'><div class=\"carousel_item_holder\"><span class='first_image_holder has_hover_image'><img decoding=\"async\" itemprop=\"image\" src=\"http:\/\/cfpmaresme.org\/wp-content\/uploads\/2018\/06\/la-unio.png\" alt=\"carousel image\" \/><\/span><span class='second_image_holder has_hover_image'><img decoding=\"async\" itemprop=\"image\" src=\"http:\/\/cfpmaresme.org\/wp-content\/uploads\/2018\/06\/la-unio_hover.png\" alt=\"carousel image\" \/><\/span><\/div><\/li><li class='item'><div class=\"carousel_item_holder\"><span class='first_image_holder has_hover_image'><img decoding=\"async\" itemprop=\"image\" src=\"http:\/\/cfpmaresme.org\/wp-content\/uploads\/2018\/06\/maresme-continuum.png\" alt=\"carousel image\" \/><\/span><span class='second_image_holder has_hover_image'><img decoding=\"async\" itemprop=\"image\" src=\"http:\/\/cfpmaresme.org\/wp-content\/uploads\/2018\/06\/maresme-continuum_hover.png\" alt=\"carousel image\" \/><\/span><\/div><\/li><li class='item'><div class=\"carousel_item_holder\"><span class='first_image_holder has_hover_image'><img decoding=\"async\" itemprop=\"image\" src=\"https:\/\/www.cfpmaresme.org\/wp-content\/uploads\/2022\/04\/fundacio-la-caixa-a-190x95_bn.jpg\" alt=\"carousel image\" \/><\/span><span class='second_image_holder has_hover_image'><img decoding=\"async\" itemprop=\"image\" src=\"https:\/\/www.cfpmaresme.org\/wp-content\/uploads\/2022\/04\/Fundacio-la-caixa-a-190x95.jpg\" alt=\"carousel image\" \/><\/span><\/div><\/li><li class='item'><div class=\"carousel_item_holder\"><span class='first_image_holder has_hover_image'><img decoding=\"async\" itemprop=\"image\" src=\"http:\/\/cfpmaresme.org\/wp-content\/uploads\/2018\/06\/taula-entitats-tercer-sector-social.png\" alt=\"carousel image\" \/><\/span><span class='second_image_holder has_hover_image'><img decoding=\"async\" itemprop=\"image\" src=\"http:\/\/cfpmaresme.org\/wp-content\/uploads\/2018\/06\/taula-entitats-tercer-sector-social_hover.png\" alt=\"carousel image\" \/><\/span><\/div><\/li><\/ul><\/div><\/div>[\/vc_column][\/vc_row][vc_row css_animation=\u00bb\u00bb row_type=\u00bbrow\u00bb use_row_as_full_screen_section=\u00bbno\u00bb type=\u00bbgrid\u00bb angled_section=\u00bbno\u00bb text_align=\u00bbleft\u00bb background_image_as_pattern=\u00bbwithout_pattern\u00bb padding_top=\u00bb50&#8243; padding_bottom=\u00bb40&#8243; css=\u00bb.vc_custom_1580990804600{padding-top: 64px !important;padding-bottom: 64px !important;}\u00bb z_index=\u00bb\u00bb][vc_column width=\u00bb6\/12&#8243; offset=\u00bbvc_col-lg-offset-3&#8243;][vc_column_text css=\u00bb\u00bb]<\/p>\n<h2 style=\"text-align: center;\">Suscr\u00edbete a nuestro bolet\u00edn<\/h2>\n<p style=\"text-align: center;\">Inf\u00f3rmate de las \u00faltimas noticias, actividades y servicios que ofrecemos<\/p>\n<p>[\/vc_column_text][vc_empty_space][vc_column_text]<\/p>\n<p style=\"text-align: center;\"><script>(function() {\n\twindow.mc4wp = window.mc4wp || {\n\t\tlisteners: [],\n\t\tforms: {\n\t\t\ton: function(evt, cb) {\n\t\t\t\twindow.mc4wp.listeners.push(\n\t\t\t\t\t{\n\t\t\t\t\t\tevent   : evt,\n\t\t\t\t\t\tcallback: cb\n\t\t\t\t\t}\n\t\t\t\t);\n\t\t\t}\n\t\t}\n\t}\n})();\n<\/script><!-- Mailchimp for WordPress v4.12.2 - https:\/\/wordpress.org\/plugins\/mailchimp-for-wp\/ --><form id=\"mc4wp-form-1\" class=\"mc4wp-form mc4wp-form-18991 mc4wp-form-basic\" method=\"post\" data-id=\"18991\" data-name=\"Subscriu-te al nostre buttleti\" ><div class=\"mc4wp-form-fields\"><div class=\"vc_row\"> <div class=\"vc_col-md-8\"> <input type=\"email\" name=\"EMAIL\" placeholder=\"E-mail\" required class=\"form-c\" \/> <p> <input type=\"checkbox\" name=\"_mc4wp_lists[]\" value=\"7f1bba7632\"> <span>Empreses<\/span> <p style=\"margin-top:15px;\"> <input name=\"AGREE_TO_TERMS\" type=\"checkbox\" value=\"1\" required=\"\" class=\"\" > He llegit i accepto <a href=\"https:\/\/www.cfpmaresme.org\/avis-legal\/\" target=\"_blank\">l'av\u00eds legal<\/a> i la <a href=\"https:\/\/cfpmaresme.org\/politica-de-privacitat\/\" target=\"_blank\">Pol\u00edtica de privacitat<\/a> <\/p> <\/div> <div class=\"vc_col-md-2\"> <input type=\"submit\" value=\"Enviar\" class=\"wpcf7-form-control wpcf7-submit\" style=\"margin-top:0px;\"\/> <\/div><\/div> <div><small>El responsable del tractament \u00e9s la Fundaci\u00f3 Centre de Formaci\u00f3 i Prevenci\u00f3, endavant CFP. La finalitat del tractament ser\u00e0 l\u2019enviament del butllet\u00ed. Pot exercir els drets d\u2019acc\u00e9s, rectificaci\u00f3, supressi\u00f3, oposici\u00f3, limitaci\u00f3 i portabilitat davant del responsable del tractament, adre\u00e7ant-se per escrit al CFP C\/ Sant Antoni, 86 porta 7 08301 de Matar\u00f3 o a mail dpd@cfpmaresme.org. Tamb\u00e9 pot presentar una reclamaci\u00f3 davant d\u2019una autoritat de control. <\/small><\/div> <?php echo \"multi\"; ?><\/div><label style=\"display: none !important;\">Deja vac\u00edo este campo si eres humano: <input type=\"text\" name=\"_mc4wp_honeypot\" value=\"\" tabindex=\"-1\" autocomplete=\"off\" \/><\/label><input type=\"hidden\" name=\"_mc4wp_timestamp\" value=\"1777400093\" \/><input type=\"hidden\" name=\"_mc4wp_form_id\" value=\"18991\" \/><input type=\"hidden\" name=\"_mc4wp_form_element_id\" value=\"mc4wp-form-1\" \/><div class=\"mc4wp-response\"><\/div><\/form><!-- \/ Mailchimp for WordPress Plugin --><\/p>\n<p>[\/vc_column_text][\/vc_column][\/vc_row]<\/p>\n<\/div>","protected":false},"excerpt":{"rendered":"<p>[vc_row css_animation=\u00bb\u00bb row_type=\u00bbrow\u00bb use_row_as_full_screen_section=\u00bbno\u00bb type=\u00bbgrid\u00bb angled_section=\u00bbno\u00bb text_align=\u00bbleft\u00bb background_image_as_pattern=\u00bbwithout_pattern\u00bb padding_top=\u00bb64&#8243; z_index=\u00bb\u00bb][vc_column][vc_column_text] EL CENTRE DE FORMACI\u00d3 I PREVENCI\u00d3 (CFP) [\/vc_column_text][vc_separator type=\u00bbnormal\u00bb color=\u00bb#1b9b87&#8243; thickness=\u00bb1&#8243; up=\u00bb0&#8243; down=\u00bb0px\u00bb][\/vc_column][\/vc_row][vc_row css_animation=\u00bb\u00bb row_type=\u00bbrow\u00bb use_row_as_full_screen_section=\u00bbno\u00bb type=\u00bbgrid\u00bb angled_section=\u00bbno\u00bb text_align=\u00bbcenter\u00bb background_image_as_pattern=\u00bbwithout_pattern\u00bb padding_top=\u00bb80&#8243; padding_bottom=\u00bb70&#8243; z_index=\u00bb\u00bb css=\u00bb.vc_custom_1548333722426{padding-top: 84px !important;padding-bottom: 64px !important;}\u00bb][vc_column width=\u00bb1\/3&#8243;][vc_column_text css=\u00bb.vc_custom_1733227826309{padding-top: 15px !important;}\u00bb] Conoce la Fundaci\u00f3n&#8230;<\/p>\n","protected":false},"author":1,"featured_media":0,"parent":0,"menu_order":0,"comment_status":"closed","ping_status":"closed","template":"full_width.php","meta":{"footnotes":""},"class_list":["post-16820","page","type-page","status-publish","hentry"],"yoast_head":"<!-- This site is optimized with the Yoast SEO plugin v27.4 - https:\/\/yoast.com\/product\/yoast-seo-wordpress\/ -->\n<title>Inicio | CFP Maresme<\/title>\n<meta name=\"robots\" content=\"index, follow, max-snippet:-1, max-image-preview:large, max-video-preview:-1\" \/>\n<link rel=\"canonical\" href=\"https:\/\/cfpmaresme.org\/es\/\" \/>\n<meta property=\"og:locale\" content=\"es_ES\" \/>\n<meta property=\"og:type\" content=\"article\" \/>\n<meta property=\"og:title\" content=\"Inicio | CFP Maresme\" \/>\n<meta property=\"og:description\" content=\"[vc_row css_animation=\u00bb\u00bb row_type=\u00bbrow\u00bb use_row_as_full_screen_section=\u00bbno\u00bb type=\u00bbgrid\u00bb angled_section=\u00bbno\u00bb text_align=\u00bbleft\u00bb background_image_as_pattern=\u00bbwithout_pattern\u00bb padding_top=\u00bb64&#8243; z_index=\u00bb\u00bb][vc_column][vc_column_text] EL CENTRE DE FORMACI\u00d3 I PREVENCI\u00d3 (CFP) [\/vc_column_text][vc_separator type=\u00bbnormal\u00bb color=\u00bb#1b9b87&#8243; thickness=\u00bb1&#8243; up=\u00bb0&#8243; down=\u00bb0px\u00bb][\/vc_column][\/vc_row][vc_row css_animation=\u00bb\u00bb row_type=\u00bbrow\u00bb use_row_as_full_screen_section=\u00bbno\u00bb type=\u00bbgrid\u00bb angled_section=\u00bbno\u00bb text_align=\u00bbcenter\u00bb background_image_as_pattern=\u00bbwithout_pattern\u00bb padding_top=\u00bb80&#8243; padding_bottom=\u00bb70&#8243; z_index=\u00bb\u00bb css=\u00bb.vc_custom_1548333722426{padding-top: 84px !important;padding-bottom: 64px !important;}\u00bb][vc_column width=\u00bb1\/3&#8243;][vc_column_text css=\u00bb.vc_custom_1733227826309{padding-top: 15px !important;}\u00bb] Conoce la Fundaci\u00f3n...\" \/>\n<meta property=\"og:url\" content=\"https:\/\/cfpmaresme.org\/es\/\" \/>\n<meta property=\"og:site_name\" content=\"CFP Maresme\" \/>\n<meta property=\"article:modified_time\" content=\"2026-02-03T12:20:40+00:00\" \/>\n<meta name=\"twitter:card\" content=\"summary_large_image\" \/>\n<meta name=\"twitter:site\" content=\"@cfpmaresme\" \/>\n<meta name=\"twitter:label1\" content=\"Tiempo de lectura\" \/>\n\t<meta name=\"twitter:data1\" content=\"2 minutos\" \/>\n<script type=\"application\/ld+json\" class=\"yoast-schema-graph\">{\"@context\":\"https:\\\/\\\/schema.org\",\"@graph\":[{\"@type\":\"WebPage\",\"@id\":\"https:\\\/\\\/cfpmaresme.org\\\/es\\\/\",\"url\":\"https:\\\/\\\/cfpmaresme.org\\\/es\\\/\",\"name\":\"Inicio | CFP Maresme\",\"isPartOf\":{\"@id\":\"https:\\\/\\\/cfpmaresme.org\\\/#website\"},\"datePublished\":\"2014-03-26T12:05:37+00:00\",\"dateModified\":\"2026-02-03T12:20:40+00:00\",\"breadcrumb\":{\"@id\":\"https:\\\/\\\/cfpmaresme.org\\\/es\\\/#breadcrumb\"},\"inLanguage\":\"es\",\"potentialAction\":[{\"@type\":\"ReadAction\",\"target\":[\"https:\\\/\\\/cfpmaresme.org\\\/es\\\/\"]}]},{\"@type\":\"BreadcrumbList\",\"@id\":\"https:\\\/\\\/cfpmaresme.org\\\/es\\\/#breadcrumb\",\"itemListElement\":[{\"@type\":\"ListItem\",\"position\":1,\"name\":\"Home\",\"item\":\"https:\\\/\\\/cfpmaresme.org\\\/es\\\/\"},{\"@type\":\"ListItem\",\"position\":2,\"name\":\"Inicio\"}]},{\"@type\":\"WebSite\",\"@id\":\"https:\\\/\\\/cfpmaresme.org\\\/#website\",\"url\":\"https:\\\/\\\/cfpmaresme.org\\\/\",\"name\":\"CFP Maresme\",\"description\":\"Centre Formaci\u00f3 Prevenci\u00f3\",\"potentialAction\":[{\"@type\":\"SearchAction\",\"target\":{\"@type\":\"EntryPoint\",\"urlTemplate\":\"https:\\\/\\\/cfpmaresme.org\\\/?s={search_term_string}\"},\"query-input\":{\"@type\":\"PropertyValueSpecification\",\"valueRequired\":true,\"valueName\":\"search_term_string\"}}],\"inLanguage\":\"es\"}]}<\/script>\n<!-- \/ Yoast SEO plugin. -->","yoast_head_json":{"title":"Inicio | CFP Maresme","robots":{"index":"index","follow":"follow","max-snippet":"max-snippet:-1","max-image-preview":"max-image-preview:large","max-video-preview":"max-video-preview:-1"},"canonical":"https:\/\/cfpmaresme.org\/es\/","og_locale":"es_ES","og_type":"article","og_title":"Inicio | CFP Maresme","og_description":"[vc_row css_animation=\u00bb\u00bb row_type=\u00bbrow\u00bb use_row_as_full_screen_section=\u00bbno\u00bb type=\u00bbgrid\u00bb angled_section=\u00bbno\u00bb text_align=\u00bbleft\u00bb background_image_as_pattern=\u00bbwithout_pattern\u00bb padding_top=\u00bb64&#8243; z_index=\u00bb\u00bb][vc_column][vc_column_text] EL CENTRE DE FORMACI\u00d3 I PREVENCI\u00d3 (CFP) [\/vc_column_text][vc_separator type=\u00bbnormal\u00bb color=\u00bb#1b9b87&#8243; thickness=\u00bb1&#8243; up=\u00bb0&#8243; down=\u00bb0px\u00bb][\/vc_column][\/vc_row][vc_row css_animation=\u00bb\u00bb row_type=\u00bbrow\u00bb use_row_as_full_screen_section=\u00bbno\u00bb type=\u00bbgrid\u00bb angled_section=\u00bbno\u00bb text_align=\u00bbcenter\u00bb background_image_as_pattern=\u00bbwithout_pattern\u00bb padding_top=\u00bb80&#8243; padding_bottom=\u00bb70&#8243; z_index=\u00bb\u00bb css=\u00bb.vc_custom_1548333722426{padding-top: 84px !important;padding-bottom: 64px !important;}\u00bb][vc_column width=\u00bb1\/3&#8243;][vc_column_text css=\u00bb.vc_custom_1733227826309{padding-top: 15px !important;}\u00bb] Conoce la Fundaci\u00f3n...","og_url":"https:\/\/cfpmaresme.org\/es\/","og_site_name":"CFP Maresme","article_modified_time":"2026-02-03T12:20:40+00:00","twitter_card":"summary_large_image","twitter_site":"@cfpmaresme","twitter_misc":{"Tiempo de lectura":"2 minutos"},"schema":{"@context":"https:\/\/schema.org","@graph":[{"@type":"WebPage","@id":"https:\/\/cfpmaresme.org\/es\/","url":"https:\/\/cfpmaresme.org\/es\/","name":"Inicio | CFP Maresme","isPartOf":{"@id":"https:\/\/cfpmaresme.org\/#website"},"datePublished":"2014-03-26T12:05:37+00:00","dateModified":"2026-02-03T12:20:40+00:00","breadcrumb":{"@id":"https:\/\/cfpmaresme.org\/es\/#breadcrumb"},"inLanguage":"es","potentialAction":[{"@type":"ReadAction","target":["https:\/\/cfpmaresme.org\/es\/"]}]},{"@type":"BreadcrumbList","@id":"https:\/\/cfpmaresme.org\/es\/#breadcrumb","itemListElement":[{"@type":"ListItem","position":1,"name":"Home","item":"https:\/\/cfpmaresme.org\/es\/"},{"@type":"ListItem","position":2,"name":"Inicio"}]},{"@type":"WebSite","@id":"https:\/\/cfpmaresme.org\/#website","url":"https:\/\/cfpmaresme.org\/","name":"CFP Maresme","description":"Centre Formaci\u00f3 Prevenci\u00f3","potentialAction":[{"@type":"SearchAction","target":{"@type":"EntryPoint","urlTemplate":"https:\/\/cfpmaresme.org\/?s={search_term_string}"},"query-input":{"@type":"PropertyValueSpecification","valueRequired":true,"valueName":"search_term_string"}}],"inLanguage":"es"}]}},"_links":{"self":[{"href":"https:\/\/cfpmaresme.org\/es\/wp-json\/wp\/v2\/pages\/16820","targetHints":{"allow":["GET"]}}],"collection":[{"href":"https:\/\/cfpmaresme.org\/es\/wp-json\/wp\/v2\/pages"}],"about":[{"href":"https:\/\/cfpmaresme.org\/es\/wp-json\/wp\/v2\/types\/page"}],"author":[{"embeddable":true,"href":"https:\/\/cfpmaresme.org\/es\/wp-json\/wp\/v2\/users\/1"}],"replies":[{"embeddable":true,"href":"https:\/\/cfpmaresme.org\/es\/wp-json\/wp\/v2\/comments?post=16820"}],"version-history":[{"count":35,"href":"https:\/\/cfpmaresme.org\/es\/wp-json\/wp\/v2\/pages\/16820\/revisions"}],"predecessor-version":[{"id":112416,"href":"https:\/\/cfpmaresme.org\/es\/wp-json\/wp\/v2\/pages\/16820\/revisions\/112416"}],"wp:attachment":[{"href":"https:\/\/cfpmaresme.org\/es\/wp-json\/wp\/v2\/media?parent=16820"}],"curies":[{"name":"wp","href":"https:\/\/api.w.org\/{rel}","templated":true}]}}