{"id":17453,"date":"2019-01-28T10:21:26","date_gmt":"2019-01-28T08:21:26","guid":{"rendered":"http:\/\/cfpmaresme.org\/?page_id=17453"},"modified":"2021-06-10T09:27:23","modified_gmt":"2021-06-10T07:27:23","slug":"red-de-empresas","status":"publish","type":"page","link":"https:\/\/cfpmaresme.org\/es\/red-de-empresas\/","title":{"rendered":"Red de empresas"},"content":{"rendered":"<div class=\"wpb-content-wrapper\"><p>[vc_row css_animation=\u00bb\u00bb row_type=\u00bbrow\u00bb use_row_as_full_screen_section=\u00bbno\u00bb type=\u00bbfull_width\u00bb angled_section=\u00bbno\u00bb text_align=\u00bbleft\u00bb background_image_as_pattern=\u00bbwithout_pattern\u00bb][vc_column]<blockquote class=' with_quote_icon' style=''><i class='fa fa-quote-right' style=''><\/i><h5 class='blockquote-text' style=''>La red de empresas es un programa que act\u00faa de enlace entre los demandantes de ocupaci\u00f3n y las personas candidatas a encontrar un puesto de trabajo<\/h5><\/blockquote>[\/vc_column][\/vc_row][vc_row css_animation=\u00bb\u00bb row_type=\u00bbrow\u00bb use_row_as_full_screen_section=\u00bbno\u00bb type=\u00bbfull_width\u00bb angled_section=\u00bbno\u00bb text_align=\u00bbleft\u00bb background_image_as_pattern=\u00bbwithout_pattern\u00bb][vc_column][vc_empty_space height=\u00bb30px\u00bb][\/vc_column][\/vc_row][vc_row css_animation=\u00bb\u00bb row_type=\u00bbrow\u00bb use_row_as_full_screen_section=\u00bbno\u00bb type=\u00bbfull_width\u00bb angled_section=\u00bbno\u00bb text_align=\u00bbleft\u00bb background_image_as_pattern=\u00bbwithout_pattern\u00bb][vc_column width=\u00bb1\/2&#8243;][vc_column_text]La <strong>red de empresas<\/strong> es un programa gestionado por el CFP. Se dirige a personas en riesgo de exclusi\u00f3n. El programa permite hacer la intermediaci\u00f3n entre las necesidades de personal de las empresas y las personas candidatas participantes en la red.[\/vc_column_text][vc_empty_space]<a  itemprop=\"url\" href=\"https:\/\/www.cfpmaresme.org\/wp-content\/uploads\/2021\/06\/2021_Xarxa-Empreses.pdf\" target=\"_self\"  class=\"qbutton  small left default\" style=\"\">Consulta el d\u00edptico informativo<i class=\"qode_icon_font_awesome fa fa-download qode_button_icon_element\" style=\"color: #ffffff\"><\/i><\/a>[\/vc_column][vc_column width=\u00bb1\/2&#8243;][vc_single_image image=\u00bb17276&#8243; img_size=\u00bb400&#215;240&#8243; alignment=\u00bbright\u00bb qode_css_animation=\u00bb\u00bb][\/vc_column][\/vc_row][vc_row css_animation=\u00bb\u00bb row_type=\u00bbrow\u00bb use_row_as_full_screen_section=\u00bbno\u00bb type=\u00bbfull_width\u00bb angled_section=\u00bbno\u00bb text_align=\u00bbleft\u00bb background_image_as_pattern=\u00bbwithout_pattern\u00bb][vc_column][vc_empty_space][vc_separator type=\u00bbnormal\u00bb][vc_empty_space height=\u00bb20px\u00bb][vc_column_text]<\/p>\n<h2>SI ERES EMPRESA<\/h2>\n<p>&nbsp;<\/p>\n<p>La participaci\u00f3n en el programa <strong>no te supondr\u00e1 ning\u00fan coste econ\u00f3mico.<\/strong><\/p>\n<p>&nbsp;<\/p>\n<p>Te ofreceremos <strong>apoyo para cubrir las vacantes laborales<\/strong> de tu empresa:<\/p>\n<p>&nbsp;<\/p>\n<ul>\n<li>Realizamos un mapa competencial de los perfiles laborales: Buscamos las candidaturas m\u00e1s adecuadas a cada lugar de trabajo.<\/li>\n<li>Enviamos los CV de los candidatos que re\u00fanen los requisitos demandados.<\/li>\n<li>Hacemos seguimiento de la inserci\u00f3n y\/o TAS.<\/li>\n<li>Ofrecemos la posibilidad de que los candidatos hagan pr\u00e1cticas laborales en tu empresa.<\/li>\n<\/ul>\n<p>&nbsp;<\/p>\n<p>S\u00f3lo tendr\u00e1s que <strong>firmar el documento de colaboraci\u00f3n<\/strong>, con el fin de iniciar los procesos de selecci\u00f3n de personal.<\/p>\n<p>&nbsp;<\/p>\n<p>&nbsp;<\/p>\n<h3>ADEM\u00c1S TU EMPRESA PODR\u00c1<\/h3>\n<p>&nbsp;<\/p>\n<p>Participar en una <strong>iniciativa de Responsabilidad Empresarial.<\/strong><\/p>\n<p>&nbsp;<\/p>\n<p>Cumplir los requisitos de la <strong>ley LISMI (2%).<\/strong><\/p>\n<p>&nbsp;<\/p>\n<p>Asesorarse sobre las <strong>bonificaciones de los contratos<\/strong> de las personas que se incorporen a tu empresa.<\/p>\n<p>[\/vc_column_text][vc_empty_space height=\u00bb20px\u00bb][vc_separator type=\u00bbnormal\u00bb][vc_empty_space height=\u00bb20px\u00bb][\/vc_column][\/vc_row][vc_row css_animation=\u00bb\u00bb row_type=\u00bbrow\u00bb use_row_as_full_screen_section=\u00bbno\u00bb type=\u00bbfull_width\u00bb angled_section=\u00bbno\u00bb text_align=\u00bbleft\u00bb background_image_as_pattern=\u00bbwithout_pattern\u00bb][vc_column][vc_column_text]<\/p>\n<h2>SI ERES USUARIO\/A<\/h2>\n<p>&nbsp;<\/p>\n<p>Podr\u00e1s participar en el programa si eres una <strong>persona en situaci\u00f3n de riesgo de vulnerabilidad.<\/strong><\/p>\n<p>&nbsp;<\/p>\n<p>Podr\u00e1s acceder a <strong>ofertas laborales exclusivas<\/strong> de la red de empresas.<\/p>\n<p>&nbsp;<\/p>\n<p>Te <strong>haremos un seguimiento y actuaremos de intermediador<\/strong> entre t\u00fa i la empresa.[\/vc_column_text][vc_empty_space height=\u00bb20px\u00bb][\/vc_column][\/vc_row][vc_row css_animation=\u00bb\u00bb row_type=\u00bbrow\u00bb use_row_as_full_screen_section=\u00bbno\u00bb type=\u00bbfull_width\u00bb angled_section=\u00bbno\u00bb text_align=\u00bbleft\u00bb background_image_as_pattern=\u00bbwithout_pattern\u00bb][vc_column][vc_empty_space][vc_column_text]<\/p>\n<h2>CONTACTO<\/h2>\n<p>[\/vc_column_text][\/vc_column][\/vc_row][vc_row css_animation=\u00bb\u00bb row_type=\u00bbrow\u00bb use_row_as_full_screen_section=\u00bbno\u00bb type=\u00bbfull_width\u00bb angled_section=\u00bbno\u00bb text_align=\u00bbleft\u00bb background_image_as_pattern=\u00bbwithout_pattern\u00bb][vc_column width=\u00bb1\/2&#8243;][vc_column_text]<\/p>\n<h5><i class=\"fa fa-clock-o\" style=\"padding-right: 10px;\" aria-hidden=\"true\"><\/i><span style=\"font-weight: 400;\">Horario de atenci\u00f3n: de lunes a viernes de 8 a 15 horas<\/span><\/h5>\n<p>&nbsp;<\/p>\n<h5><i class=\"fa fa-map-marker\" style=\"padding-right: 10px;\" aria-hidden=\"true\"><\/i><span style=\"font-weight: 400;\">C\/ Sant Antoni 86, 1\u00ba planta, puerta 7. 08301 Matar\u00f3. <\/span><\/h5>\n<p>&nbsp;<\/p>\n<h5><i class=\"fa fa-phone\" style=\"padding-right: 10px;\" aria-hidden=\"true\"><\/i><span style=\"font-weight: 400;\">Tel. 622.89.68.82<\/span><\/h5>\n<p>&nbsp;<\/p>\n<h5><i class=\"fa fa-user\" style=\"padding-right: 10px;\" aria-hidden=\"true\"><\/i><span style=\"font-weight: 400;\"> Responsable: Marga Bagot<\/span><\/h5>\n<p>[\/vc_column_text][vc_empty_space height=\u00bb84px\u00bb][\/vc_column][vc_column width=\u00bb1\/2&#8243;][vc_column_text]No encuentras lo que buscas o necesitas m\u00e1s informaci\u00f3n?[\/vc_column_text][vc_empty_space height=\u00bb20px\u00bb]\n\n\t<a href=\"#\" target=\"_self\" style=\"color: #ffffff;background-color: #114c86;font-size: 16px;text-transform: uppercase\" class=\"qode-btn qode-btn-medium qode-btn-solid qode-btn-custom-hover-bg qode-btn-custom-hover-color qode-btn-custom-icon-bg-hover-color qode-btn-icon modal-nuriafernandez qode-btn-with-shadow qode-btn-icon-rotate qode-type1-gradient-left-to-right\" data-hover-bg-color=\"#1175a0\" data-hover-color=\"#ffffff\" >\n\t    <span class=\"qode-btn-text\">\u00a1Contacta con nosotros!<\/span><span class=\"qode-button-v2-icon-holder\" style=\"border-color: #0070a0;background-color: #064b6d\" data-hover-icon-border-color=\"#008cb7\" data-hover-icon-bg-color=\"#008cb7\"><i class=\"qode_icon_font_awesome fa fa-envelope qode-button-v2-icon-holder-inner\" ><\/i><\/span>\t<\/a>\n\n[vc_empty_space height=\u00bb20px\u00bb][\/vc_column][\/vc_row]<\/p>\n<\/div>","protected":false},"excerpt":{"rendered":"<p>[vc_row css_animation=\u00bb\u00bb row_type=\u00bbrow\u00bb use_row_as_full_screen_section=\u00bbno\u00bb type=\u00bbfull_width\u00bb angled_section=\u00bbno\u00bb text_align=\u00bbleft\u00bb background_image_as_pattern=\u00bbwithout_pattern\u00bb][vc_column][\/vc_column][\/vc_row][vc_row css_animation=\u00bb\u00bb row_type=\u00bbrow\u00bb use_row_as_full_screen_section=\u00bbno\u00bb type=\u00bbfull_width\u00bb angled_section=\u00bbno\u00bb text_align=\u00bbleft\u00bb background_image_as_pattern=\u00bbwithout_pattern\u00bb][vc_column][vc_empty_space height=\u00bb30px\u00bb][\/vc_column][\/vc_row][vc_row css_animation=\u00bb\u00bb row_type=\u00bbrow\u00bb use_row_as_full_screen_section=\u00bbno\u00bb type=\u00bbfull_width\u00bb angled_section=\u00bbno\u00bb text_align=\u00bbleft\u00bb background_image_as_pattern=\u00bbwithout_pattern\u00bb][vc_column width=\u00bb1\/2&#8243;][vc_column_text]La red de empresas es un programa gestionado por el CFP. Se dirige a personas en riesgo de exclusi\u00f3n. El programa permite&#8230;<\/p>\n","protected":false},"author":2,"featured_media":0,"parent":0,"menu_order":0,"comment_status":"closed","ping_status":"closed","template":"","meta":{"footnotes":""},"class_list":["post-17453","page","type-page","status-publish","hentry"],"yoast_head":"<!-- This site is optimized with the Yoast SEO plugin v27.4 - https:\/\/yoast.com\/product\/yoast-seo-wordpress\/ -->\n<title>Red de empresas | CFP Maresme<\/title>\n<meta name=\"robots\" content=\"index, follow, max-snippet:-1, max-image-preview:large, max-video-preview:-1\" \/>\n<link rel=\"canonical\" href=\"https:\/\/cfpmaresme.org\/es\/red-de-empresas\/\" \/>\n<meta property=\"og:locale\" content=\"es_ES\" \/>\n<meta property=\"og:type\" content=\"article\" \/>\n<meta property=\"og:title\" content=\"Red de empresas | CFP Maresme\" \/>\n<meta property=\"og:description\" content=\"[vc_row css_animation=\u00bb\u00bb row_type=\u00bbrow\u00bb use_row_as_full_screen_section=\u00bbno\u00bb type=\u00bbfull_width\u00bb angled_section=\u00bbno\u00bb text_align=\u00bbleft\u00bb background_image_as_pattern=\u00bbwithout_pattern\u00bb][vc_column][\/vc_column][\/vc_row][vc_row css_animation=\u00bb\u00bb row_type=\u00bbrow\u00bb use_row_as_full_screen_section=\u00bbno\u00bb type=\u00bbfull_width\u00bb angled_section=\u00bbno\u00bb text_align=\u00bbleft\u00bb background_image_as_pattern=\u00bbwithout_pattern\u00bb][vc_column][vc_empty_space height=\u00bb30px\u00bb][\/vc_column][\/vc_row][vc_row css_animation=\u00bb\u00bb row_type=\u00bbrow\u00bb use_row_as_full_screen_section=\u00bbno\u00bb type=\u00bbfull_width\u00bb angled_section=\u00bbno\u00bb text_align=\u00bbleft\u00bb background_image_as_pattern=\u00bbwithout_pattern\u00bb][vc_column width=\u00bb1\/2&#8243;][vc_column_text]La red de empresas es un programa gestionado por el CFP. Se dirige a personas en riesgo de exclusi\u00f3n. El programa permite...\" \/>\n<meta property=\"og:url\" content=\"https:\/\/cfpmaresme.org\/es\/red-de-empresas\/\" \/>\n<meta property=\"og:site_name\" content=\"CFP Maresme\" \/>\n<meta property=\"article:modified_time\" content=\"2021-06-10T07:27:23+00:00\" \/>\n<meta name=\"twitter:card\" content=\"summary_large_image\" \/>\n<meta name=\"twitter:site\" content=\"@cfpmaresme\" \/>\n<meta name=\"twitter:label1\" content=\"Tiempo de lectura\" \/>\n\t<meta name=\"twitter:data1\" content=\"4 minutos\" \/>\n<script type=\"application\/ld+json\" class=\"yoast-schema-graph\">{\"@context\":\"https:\\\/\\\/schema.org\",\"@graph\":[{\"@type\":\"WebPage\",\"@id\":\"https:\\\/\\\/cfpmaresme.org\\\/es\\\/red-de-empresas\\\/\",\"url\":\"https:\\\/\\\/cfpmaresme.org\\\/es\\\/red-de-empresas\\\/\",\"name\":\"Red de empresas | CFP Maresme\",\"isPartOf\":{\"@id\":\"https:\\\/\\\/cfpmaresme.org\\\/#website\"},\"datePublished\":\"2019-01-28T08:21:26+00:00\",\"dateModified\":\"2021-06-10T07:27:23+00:00\",\"breadcrumb\":{\"@id\":\"https:\\\/\\\/cfpmaresme.org\\\/es\\\/red-de-empresas\\\/#breadcrumb\"},\"inLanguage\":\"es\",\"potentialAction\":[{\"@type\":\"ReadAction\",\"target\":[\"https:\\\/\\\/cfpmaresme.org\\\/es\\\/red-de-empresas\\\/\"]}]},{\"@type\":\"BreadcrumbList\",\"@id\":\"https:\\\/\\\/cfpmaresme.org\\\/es\\\/red-de-empresas\\\/#breadcrumb\",\"itemListElement\":[{\"@type\":\"ListItem\",\"position\":1,\"name\":\"Home\",\"item\":\"https:\\\/\\\/cfpmaresme.org\\\/es\\\/\"},{\"@type\":\"ListItem\",\"position\":2,\"name\":\"Red de empresas\"}]},{\"@type\":\"WebSite\",\"@id\":\"https:\\\/\\\/cfpmaresme.org\\\/#website\",\"url\":\"https:\\\/\\\/cfpmaresme.org\\\/\",\"name\":\"CFP Maresme\",\"description\":\"Centre Formaci\u00f3 Prevenci\u00f3\",\"potentialAction\":[{\"@type\":\"SearchAction\",\"target\":{\"@type\":\"EntryPoint\",\"urlTemplate\":\"https:\\\/\\\/cfpmaresme.org\\\/?s={search_term_string}\"},\"query-input\":{\"@type\":\"PropertyValueSpecification\",\"valueRequired\":true,\"valueName\":\"search_term_string\"}}],\"inLanguage\":\"es\"}]}<\/script>\n<!-- \/ Yoast SEO plugin. -->","yoast_head_json":{"title":"Red de empresas | CFP Maresme","robots":{"index":"index","follow":"follow","max-snippet":"max-snippet:-1","max-image-preview":"max-image-preview:large","max-video-preview":"max-video-preview:-1"},"canonical":"https:\/\/cfpmaresme.org\/es\/red-de-empresas\/","og_locale":"es_ES","og_type":"article","og_title":"Red de empresas | CFP Maresme","og_description":"[vc_row css_animation=\u00bb\u00bb row_type=\u00bbrow\u00bb use_row_as_full_screen_section=\u00bbno\u00bb type=\u00bbfull_width\u00bb angled_section=\u00bbno\u00bb text_align=\u00bbleft\u00bb background_image_as_pattern=\u00bbwithout_pattern\u00bb][vc_column][\/vc_column][\/vc_row][vc_row css_animation=\u00bb\u00bb row_type=\u00bbrow\u00bb use_row_as_full_screen_section=\u00bbno\u00bb type=\u00bbfull_width\u00bb angled_section=\u00bbno\u00bb text_align=\u00bbleft\u00bb background_image_as_pattern=\u00bbwithout_pattern\u00bb][vc_column][vc_empty_space height=\u00bb30px\u00bb][\/vc_column][\/vc_row][vc_row css_animation=\u00bb\u00bb row_type=\u00bbrow\u00bb use_row_as_full_screen_section=\u00bbno\u00bb type=\u00bbfull_width\u00bb angled_section=\u00bbno\u00bb text_align=\u00bbleft\u00bb background_image_as_pattern=\u00bbwithout_pattern\u00bb][vc_column width=\u00bb1\/2&#8243;][vc_column_text]La red de empresas es un programa gestionado por el CFP. Se dirige a personas en riesgo de exclusi\u00f3n. El programa permite...","og_url":"https:\/\/cfpmaresme.org\/es\/red-de-empresas\/","og_site_name":"CFP Maresme","article_modified_time":"2021-06-10T07:27:23+00:00","twitter_card":"summary_large_image","twitter_site":"@cfpmaresme","twitter_misc":{"Tiempo de lectura":"4 minutos"},"schema":{"@context":"https:\/\/schema.org","@graph":[{"@type":"WebPage","@id":"https:\/\/cfpmaresme.org\/es\/red-de-empresas\/","url":"https:\/\/cfpmaresme.org\/es\/red-de-empresas\/","name":"Red de empresas | CFP Maresme","isPartOf":{"@id":"https:\/\/cfpmaresme.org\/#website"},"datePublished":"2019-01-28T08:21:26+00:00","dateModified":"2021-06-10T07:27:23+00:00","breadcrumb":{"@id":"https:\/\/cfpmaresme.org\/es\/red-de-empresas\/#breadcrumb"},"inLanguage":"es","potentialAction":[{"@type":"ReadAction","target":["https:\/\/cfpmaresme.org\/es\/red-de-empresas\/"]}]},{"@type":"BreadcrumbList","@id":"https:\/\/cfpmaresme.org\/es\/red-de-empresas\/#breadcrumb","itemListElement":[{"@type":"ListItem","position":1,"name":"Home","item":"https:\/\/cfpmaresme.org\/es\/"},{"@type":"ListItem","position":2,"name":"Red de empresas"}]},{"@type":"WebSite","@id":"https:\/\/cfpmaresme.org\/#website","url":"https:\/\/cfpmaresme.org\/","name":"CFP Maresme","description":"Centre Formaci\u00f3 Prevenci\u00f3","potentialAction":[{"@type":"SearchAction","target":{"@type":"EntryPoint","urlTemplate":"https:\/\/cfpmaresme.org\/?s={search_term_string}"},"query-input":{"@type":"PropertyValueSpecification","valueRequired":true,"valueName":"search_term_string"}}],"inLanguage":"es"}]}},"_links":{"self":[{"href":"https:\/\/cfpmaresme.org\/es\/wp-json\/wp\/v2\/pages\/17453","targetHints":{"allow":["GET"]}}],"collection":[{"href":"https:\/\/cfpmaresme.org\/es\/wp-json\/wp\/v2\/pages"}],"about":[{"href":"https:\/\/cfpmaresme.org\/es\/wp-json\/wp\/v2\/types\/page"}],"author":[{"embeddable":true,"href":"https:\/\/cfpmaresme.org\/es\/wp-json\/wp\/v2\/users\/2"}],"replies":[{"embeddable":true,"href":"https:\/\/cfpmaresme.org\/es\/wp-json\/wp\/v2\/comments?post=17453"}],"version-history":[{"count":19,"href":"https:\/\/cfpmaresme.org\/es\/wp-json\/wp\/v2\/pages\/17453\/revisions"}],"predecessor-version":[{"id":25265,"href":"https:\/\/cfpmaresme.org\/es\/wp-json\/wp\/v2\/pages\/17453\/revisions\/25265"}],"wp:attachment":[{"href":"https:\/\/cfpmaresme.org\/es\/wp-json\/wp\/v2\/media?parent=17453"}],"curies":[{"name":"wp","href":"https:\/\/api.w.org\/{rel}","templated":true}]}}